{"id":58932,"date":"2019-07-13T00:07:04","date_gmt":"2019-07-13T00:07:04","guid":{"rendered":"https:\/\/michael-burghaus.com\/7mallorca2020\/ideas-contra-el-aburrimiento\/"},"modified":"2022-05-31T18:59:10","modified_gmt":"2022-05-31T16:59:10","slug":"ideas-contra-el-aburrimiento","status":"publish","type":"page","link":"https:\/\/7mallorca.com\/es\/ideas-contra-el-aburrimiento\/","title":{"rendered":"Ideas contra el aburrimiento"},"content":{"rendered":"<p>[vc_row][vc_column width=\u00bb1\/3&#8243; offset=\u00bbvc_hidden-sm vc_hidden-xs\u00bb][vc_single_image image=\u00bb44100&#8243; img_size=\u00bbfull\u00bb][vc_single_image image=\u00bb44088&#8243; img_size=\u00bbfull\u00bb][vc_single_image image=\u00bb44082&#8243; img_size=\u00bbfull\u00bb][vc_single_image image=\u00bb44094&#8243; img_size=\u00bbfull\u00bb][vc_single_image image=\u00bb44091&#8243; img_size=\u00bbfull\u00bb][vc_single_image image=\u00bb44085&#8243; img_size=\u00bbfull\u00bb][vc_single_image image=\u00bb44107&#8243; img_size=\u00bbfull\u00bb][vc_single_image image=\u00bb44110&#8243; img_size=\u00bbfull\u00bb][vc_single_image image=\u00bb44116&#8243; img_size=\u00bbfull\u00bb][vc_single_image image=\u00bb44119&#8243; img_size=\u00bbfull\u00bb][vc_single_image image=\u00bb44122&#8243; img_size=\u00bbfull\u00bb][vc_single_image image=\u00bb44129&#8243; img_size=\u00bbfull\u00bb][vc_single_image image=\u00bb44132&#8243; img_size=\u00bbfull\u00bb][vc_single_image image=\u00bb44135&#8243; img_size=\u00bbfull\u00bb][vc_single_image image=\u00bb44138&#8243; img_size=\u00bbfull\u00bb][vc_single_image image=\u00bb44141&#8243; img_size=\u00bbfull\u00bb][vc_single_image image=\u00bb44145&#8243; img_size=\u00bbfull\u00bb][vc_single_image image=\u00bb44148&#8243; img_size=\u00bbfull\u00bb][\/vc_column][vc_column width=\u00bb2\/3&#8243;][vc_column_text]<strong>Aburrido?<\/strong><br \/>\n<strong>Aqu\u00ed tenemos para vosotros algunas ideas espectaculares para hacer de vuestra estad\u00eda una experiencia inolvidable:<\/strong><\/p>\n<h2><strong>Stand Up Paddle<\/strong> &#8211; Porto Colom y Colonia de Sant Pere<\/h2>\n<p>Este deporte cada d\u00eda m\u00e1s de moda es f\u00e1cil de aprender, y encantar\u00e1 a los entusiastas de los deportes acu\u00e1ticos, con o sin experiencia, de todas las edades y habilidades. Un divertido entrenamiento de cuerpo entero para disfrutar en el agua.<br \/>\nPortocolom y Colonia Sant Pere SUP CENTRE MALLORCA<br \/>\nAnja Prahl<br \/>\nCarrer dels Pescadors, 17<br \/>\nE-07670 Portocolom<br \/>\nM\u00f3vil: +34 648 492 727<br \/>\nCorreo electr\u00f3nico: info@sup-center-mallorca.com &#8211; <a href=\"https:\/\/www.sup-center-mallorca.com\/\" target=\"_blank\" rel=\"noopener\">www.sup-center-mallorca.com\/<\/a><\/p>\n<h2><strong>Paseos en kayak guiados<\/strong><\/h2>\n<p>En varias bah\u00edas hermosas , en la costa norte y este &#8211;<br \/>\n<a href=\"https:\/\/www.kayakexcursionmallorca.com\/english\/\" target=\"_blank\" rel=\"noopener\">www.kayakexcursionmallorca.com\/english\/<\/a><\/p>\n<h2><strong>Paseo en globo aerost\u00e1tico<\/strong> &#8211; Manacor<\/h2>\n<p>Al t\u00e9rmino de la autov\u00eda de Palma-Manacor.<br \/>\nSi desea desplazarse por la isla en un globo aerost\u00e1tico, esta es la mejor opci\u00f3n. La media hora cuesta unos 130 \u20ac (adultos), y los ni\u00f1os pagan unos 60 \u20ac. Una hora completa est\u00e1 disponible desde \u20ac 160 (adultos) y para ni\u00f1os desde aproximadamente \u20ac 90, -. Para grupos, suele ser m\u00e1s barato.<br \/>\nAutovia MA-15, salida 44, aproximadamente 3 km antes de Manacor, procedente de Palma.<br \/>\n07500 Manacor<br \/>\n971 59 69 69 &#8211; info@mallorcaballoons.com &#8211; <a href=\"http:\/\/mallorcaballoons.com\/index.php\/es\/\" target=\"_blank\" rel=\"noopener\">www.<\/a><a href=\"http:\/\/mallorcaballoons.com\/index.php\/es\/\" target=\"_blank\" rel=\"noopener\">mallorcaballoons.com\/<\/a><\/p>\n<h2><strong>Paseos en barco por la reserva natural de Cabrera<\/strong> &#8211; Colonia de Sant Jordi.<\/h2>\n<p>El archipi\u00e9lago \u00abCabrera\u00bb, parque nacional desde 1991, es uno de los lugares m\u00e1s espectaculares de las Islas Baleares. El archipi\u00e9lago se encuentra en el sur de Mallorca y est\u00e1 a 11 millas de la costa. Una experiencia inolvidable en la naturaleza y sin duda uno de los tesoros m\u00e1s bellos del Mediterr\u00e1neo. \u00a1Prepara tu traje de ba\u00f1o y, lo mejor de todo, tu equipo de buceo!<br \/>\nDesde el puerto de la Col\u00f2nia de Sant Jordi hay varios recorridos, por ejemplo, en lancha r\u00e1pida o en un barco con capacidad para 50 personas.<br \/>\nAvda. G. Roca no18<br \/>\n07638 COLONIA DE SANT JORDI<br \/>\nreservas@marcabrera.com &#8211; <a href=\"https:\/\/www.marcabrera.com\/\" target=\"_blank\" rel=\"noopener\">www.marcabrera.com<\/a><br \/>\nTel: 0034 622 574 806 0034 o 971 656 403 &#8211; 09:00 a 20:00<\/p>\n<h2><strong> Bonita escuela de buceo en Porto Colom &#8211; Diversos de la costa este de Mallorca<br \/>\n<\/strong>Viaje de aventura y buceo a la Cueva Pirata:<\/h2>\n<p>Fant\u00e1stica excursi\u00f3n para todos los buceadores y \u00abno buceadores\u00bb.<br \/>\nExplore con nosotros la Cueva Pirata con sus c\u00e1maras, t\u00faneles y lagos subterr\u00e1neos.<br \/>\nMiles de estalagmitas, estalactitas y formaciones rocosas impresionantes quieren que las descubras. Un fant\u00e1stico viaje a la historia de la soleada isla de Mallorca. En el camino de regreso a Porto Colom, haremo una relajante parada para nadar \/ practicar buceo en una bah\u00eda de aguas cristalinas, donde tambi\u00e9n es posible saltar al agua desde un peque\u00f1o salto rocoso.<\/p>\n<p>Buceo en la piscina (y en el mar) para principiantes.<br \/>\nRespira por primera vez bajo el agua y descubre el hermoso mundo submarino de Mallorca.<br \/>\nTodo un mundo nuevo te est\u00e1 esperando para que lo descubras.<br \/>\nComenzaremos con un poco de teor\u00eda del buceo, y luego nos dirigiremos a nuestro lugar de entrenamiento, donde explicamos el equipo en condiciones seguras y hacemos algunos ejercicios.<br \/>\nSi te sientes c\u00f3modo, iremos a una bah\u00eda tranquila donde tendremos nuestros primeros paos de buceo relajado.<br \/>\nCon nuestro equipo profesionalmente capacitado y nuestra sensaci\u00f3n de seguridad, descubrir\u00e1s un mundo completamente nuevo.<br \/>\nRda. Miquel Massuti Alzamora 77<br \/>\n07670 Porto Colom \/ Tel. +34 693 761 800 \/ Tel. +49 178 525 9339 \/ <a class=\" link\" href=\"mailto:info@eastcoastdivers.de\" target=\"_blank\" rel=\"noopener noreferrer\">info@eastcoastdivers.de<\/a> <a class=\" link\" href=\"mailto:info@eastcoastdivers.de\" target=\"_blank\" rel=\"noopener noreferrer\"><br \/>\n<\/a> <a href=\"https:\/\/eastcoastdivers.de\/\" target=\"_blank\" rel=\"noopener\"> www.eastcoastdivers.de\/<\/a><\/p>\n<h2><strong>Paseo en barco en Porto Colom<\/strong> &#8211; con un peque\u00f1o bote de pesca de 1968 y un picnic a bordo.<\/h2>\n<p>LLA\u00dcT MALLORCA te invita a sentir y disfrutar del mar de una nueva manera: con un viaje en barco tradicional (los llamados Lla\u00fct). Una experiencia \u00fanica y relajante llena de buena energ\u00eda y tradici\u00f3n, en uno de los pueblos pesqueros m\u00e1s bellos de Mallorca.<br \/>\nHay tres recorridos, aqu\u00ed el m\u00e1s corto, el Tour Cl\u00e1sico:<br \/>\nAdultos: 42 \u20ac Ni\u00f1os: 34 \u20ac<br \/>\nDuraci\u00f3n: 2,5 horas. Horarios:<br \/>\n9:30 a 12:00<br \/>\n13:30 a 16:00<br \/>\n17:30 a 20:00 (atardecer especial)<br \/>\nDisfruta junto a tu familia y sus amigos de un hermoso paseo en barco, incluyendo un amplio men\u00fa de degustaci\u00f3n, siempre con especialidades t\u00edpicas de Mallorca.<br \/>\ninfo@llautmallorca.com &#8211; Tlf. +34 663 600 591 &#8211; <a href=\"https:\/\/llautmallorca.com\/en\/\" target=\"_blank\" rel=\"noopener\">www.llautmallorca.com\/<\/a><\/p>\n<h2><strong>Cable Ski en Mallorca<\/strong> \/ Alc\u00fadia<\/h2>\n<p>El telef\u00e9rico de wakeboard se encuentra en el Lago Menor en Alc\u00fadia. Con una longitud de 220 m, es el sistema de 2 m\u00e1stiles m\u00e1s grande de Espa\u00f1a y el \u00fanico en Mallorca. El telef\u00e9rico de wakeboard es la forma m\u00e1s segura y r\u00e1pida de conocer este gran deporte. Especialmente para los principiantes es nuestro entorno seguro, sin olas, sin barcos ni motos acu\u00e1ticas. La fuerza del tren desde arriba te permitir\u00e1 levantarse f\u00e1cilmente desde el primer d\u00eda y deslizarte sobre el agua. Cableski le ofrece la oportunidad de pasar un espectacular d\u00eda con sus amigos.<br \/>\nLos precios son tan 12 euros por 10 minutos.<br \/>\nTel: 34 666 44 89 22 &#8211; C \/ via del estany petit, sn. &#8211; 07400 Alc\u00fadia. Mallorca &#8211; info@mallorca-cableski.com &#8211; www.mallorcawakepark.com\/<\/p>\n<h2><strong>Finca hist\u00f3rica cerca de Villafranca &#8211; museo al aire libre<\/strong><\/h2>\n<p>As\u00ed es como era Mallorca hace 150 a\u00f1os. Un museo especial, interesante para adultos y ni\u00f1os.<br \/>\n<a href=\"http:\/\/elscalderers.com\/\" target=\"_blank\" rel=\"noopener\"> http:\/\/elscalderers.com\/<\/a><\/p>\n<h2><strong>Viaja en un tren nost\u00e1lgico<\/strong><\/h2>\n<p>De Palma a Soller y viceversa. (21 euros pp) *** Y \/ o desde Soller a Port de Soller, por el puerto de Soller. (5.50 euros pp)<br \/>\n\u00bfAlguna vez has viajado en un tren de m\u00e1s de 100 a\u00f1os? En Mallorca tienes esa oportunidad. El paseo se desarrolla a trav\u00e9s de \u00e1reas pintorescas ideales para fotografiar: plantaciones de almendros y olivos en medio de las monta\u00f1as. A 25 km por hora, el ferrocarril se abre paso a trav\u00e9s de 13 t\u00faneles, llev\u00e1ndonos a otro tiempo d\u00f3nde el tiempo discurr\u00eda m\u00e1s despacio. Todo est\u00e1 tranquilo y pausado, uno no tiene prisa, pero disfruta de toda una experiencia de \u00abViaje en el Tiempo\u00bb. Desde la capital, Palma, el viaje pasa por la peque\u00f1a ciudad de Bunyola, y se dirije m\u00e1 tarde a Soller. El viaje de ida y vuelta dura aproximadamente 2 horas.<br \/>\nUn paseo en otro tranv\u00eda nost\u00e1lgico hasta el puerto de S\u00f3ller tambi\u00e9n es posible.El punto culminante de este segundo trayecto, es la corta parada en la plataforma de observaci\u00f3n, el Mirador des Pujol d&#8217;en Banya, justo antes de llegar a la ciudad de Soller.<br \/>\nAll\u00ed puede tomar fotos del paisaje monta\u00f1oso \u00fanico de Soller.<br \/>\nOficina y estaci\u00f3n de tren en S\u00f3ller Pla\u00e7a d&#8217;Espanya, 6.<br \/>\n07100 Soller<br \/>\nTel\u00e9fono: 971-630130<br \/>\nHorario de oficina: de lunes a viernes de 7: 00h a 14: 00h.<br \/>\nEstaci\u00f3n de tren en palma de mallorca<br \/>\nEusebio Estada, 1 &#8211; 07004 Palma de Mallorca &#8211; Tel: 971-752051 y 971-752028 &#8211; info@trendesoller.com &#8211; <a href=\"https:\/\/trendesoller.com\/\" target=\"_blank\" rel=\"noopener\">www.trendesoller.com<\/a><\/p>\n<h2><strong>Jungle Parc en Santa Ponsa<\/strong><\/h2>\n<p>Descubre el \u00fanico parque de escalada y tirolinas de las Islas Baleares. El parque se encuentra en Santa Pon\u00e7a, en un \u00e1rea boscosa de 9 hect\u00e1reas. Desde all\u00ed podr\u00e1s acceder a 100 plataformas de actividades distintas. Puentes, tirolinas, y conexiones inusuales con cuerdas, dominan el curso del parque en zig zag. Hay un curso de escalada (PIRATAS) para ni\u00f1os a partir de 4 a\u00f1os y 2 m\u00e1s para adultos (EXPLORADOR y EXTREMO), estos dos \u00faltimos fueron dise\u00f1ados para adultos atl\u00e9ticos y aventureros. Jungle Park es la opci\u00f3n ideal para escuelas familiares, empresas y eventos grupales.<br \/>\nAvd. Jaime, 1 &#8211; 40A &#8211; Santa Pon\u00e7a (Mallorca) &#8211; T. (+34) 630 948 295 &#8211; E. mallorca@jungleparc.es &#8211;<a href=\"http:\/\/www.jungleparc.es\/de\/\" target=\"_blank\" rel=\"noopener\"> www.jungleparc.es\/en\/<\/a><\/p>\n<h2><strong>Quads en Mallorca<\/strong> &#8211; Arenal<\/h2>\n<p>Una actividad de ocio muy popular en Mallorca es el manejo de quads. Los quads generalmente est\u00e1n dise\u00f1ados para la conducci\u00f3n fuera de carretera, pero usarlos en carretera es igualmente divertido.<br \/>\nLos quads no est\u00e1n clasificados como veh\u00edculos de dos ruedas por la legislatura, y uno necesita en Alemania un permiso de conducir \u00abclase B\u00bb, que es comparable con una licencia de autom\u00f3vil de pasajeros. Por lo tanto, los quads tambi\u00e9n pueden ser manejados a partir de los 18 a\u00f1os. Pero tambi\u00e9n hay quads m\u00e1s peque\u00f1os, con un desplazamiento de hasta 50 cm3, que pueden manejarse a partir de los 16 a\u00f1os. La motorizaci\u00f3n de los veh\u00edculos oscila entre 50 cm3 y 800 cm3 y unos 37,5 kW. Conducir sin casco no est\u00e1 permitido. M\u00e1s informaci\u00f3n:<br \/>\nQuad Team Mallorca &#8211; Tutti Quads, SL Garrover 11b, 7609 Arenal &#8211; Tel: 0034 677 324859 &#8211;<a href=\"http:\/\/www.quad-team-mallorca.com\/\" target=\"_blank\" rel=\"noopener\"> www.quad-team-mallorca.com<\/a><\/p>\n<h2><strong>Hip\u00f3dromo de Mallorca RennArena<\/strong> &#8211; Llucmajor<\/h2>\n<p>El Mallorca RennArena, tambi\u00e9n conocido como el Circuito de Illes Balears o el Circuito de Llucmajor, es el \u00fanico circuito adecuado para motociclismo, automovilismo y karting en Mallorca. Un amplio complejo deportivo, ubicado directamente en la autopista de Palma a Llucmajor, con un \u00e1rea total de 200,000 m2, apto para todo tipo de eventos de carreras y eventos, as\u00ed como presentaciones de productos de marcas internacionales de autom\u00f3viles. 1.200 m de largo y cerca de 5 m de ancho asfalto para karts de alquiler y privados. Cuenta con focos, as\u00ed como giros y paddock asegurados. Incluso con el kart puede conducir en una pista de kart o participar en un entrenamiento de carrera. Informaci\u00f3n en: <a href=\"https:\/\/circuitmallorca.com\/\" target=\"_blank\" rel=\"noopener\">www.mallorcarennarena.com<\/a><\/p>\n<h2><strong>Flyboarden<\/strong><\/h2>\n<p>Flota sobre el agua con un motor a reacci\u00f3n. \u00a1Ven a volar con nosotros!<br \/>\nEsta es la tendencia deportiva divertida del verano! \u00bfC\u00f3mo funciona?<br \/>\nA diferencia de un jetpack normal, el flyboard de 40 kg no est\u00e1 atado a la espalda. Como su nombre indica, se coloca debajo de los pies como una tabla de snowboard o wakeboard. Para poder despegar, el agua se bombea a trav\u00e9s de una manguera, que est\u00e1 conectada a un jet ski de al menos 100 hp. Maniobras con un sistema de control montado a mano. \u00a1Si quieres puedes llegar a saltar hasta los diez metros de altura! Los verdaderos profesionales pueden incluso flotar en el aire por minutos. Selecciona la fecha deseada y reserva en l\u00ednea o por correo electr\u00f3nico &#8211; info@flyboard-mallorca.com &#8211; www.flyboard-mallorca.com\/<\/p>\n<h2><strong>Geocaching<\/strong> &#8211; \u00abTreasure Hunt\u00bb<\/h2>\n<p>\u00bfUna b\u00fasqueda del tesoro en Mallorca? Esto es f\u00e1cil gracias al geocaching, tambi\u00e9n llamado b\u00fasqueda del tesoro por GPS.<br \/>\nSi te gusta caminar en un hermoso entorno, Geocaching en la isla te recompensar\u00e1 con hermosas bah\u00edas peque\u00f1as, magn\u00edficas vistas y visitas guiadas a lugares que no se pueden encontrar en ninguna gu\u00eda de viajes. http:\/\/mallorca-geo.com\/<\/p>\n<h2><strong>Centro de buceo en Cala D&#8217;Or<\/strong><\/h2>\n<p>Actividades principales: buceo, buceo en cuevas, lancha r\u00e1pida, exploraci\u00f3n de acantilados en la costa este&#8230;<br \/>\nCENTRO DE BUCEO DE LA MORENA (Centro de buceo) Avenida Cala Gran 2 debajo de Hotel Cala Gran &#8211; E-07660 Cala d&#8217;Or \/ Mallorca<br \/>\nM\u00f3vil: 00 34 629 88 13 80 (disponible de 9:00 a 23:00) Tel\u00e9fono: 01719805211 Se reenv\u00eda el n\u00famero alem\u00e1n.<br \/>\ninfo@lamorena.de &#8211; www.lamorena.de<\/p>\n<h2><strong>Kitesurf y Stand Up Paddle en Pollen\u00e7a<\/strong><\/h2>\n<p>La Escuela de Stand Up Paddle y Kitesurfing fue fundada por Mike y Perico. Despu\u00e9s de muchos a\u00f1os en el mundo de kite, reunieron lo mejor de su experiencia para iniciar Mallorca Kiteboarding &amp; SUP.<br \/>\nAparthotel MALLORCA KITEBOARDING &amp; SUP SL Club del Sol<br \/>\nCrta. Puerto Pollen\u00e7a &#8211; Alc\u00fadia, Km 62.3 07470 &#8211; Puerto de Pollen\u00e7a &#8211; Mike: +34 676 668 954 Espa\u00f1ol, Ingl\u00e9s, Deutsch &#8211; mike@mallorcakiteboarding.com <a href=\"https:\/\/www.mallorcakiteboarding.com\/es\/\" target=\"_blank\" rel=\"noopener\">www.mallorcakiteboarding.com<\/a><\/p>\n<h2><strong>Ora escuela de kitesurf, tambi\u00e9n en Pollen\u00e7a<\/strong><\/h2>\n<p>Con KITEMALLORCA CB, aprenda a controlar la cometa en aguas poco profundas durante las primeras 3 horas y durante las pr\u00f3ximas 3\/6 horas podr\u00e1 practicar el kite boarding y realizar las primeras excursiones acu\u00e1ticas y los primeros juegos de kitesurf. Los cursos introductorios son 2 o 3 d\u00edas con 3 horas al d\u00eda. Realizamos nuestro entrenamiento en la bah\u00eda de pollen\u00e7a.<br \/>\nOficina 0034 971 890096 &#8211; Celular 0034 647 891122 &#8211; www.kitemallorca.com<\/p>\n<h2><strong>Canyoning<\/strong><\/h2>\n<p>A pocos minutos en coche de Palma, podr\u00e1s sumergirte en el m\u00e1gico mundo de las majestuosas cascadas de la Isla, sus piscinas cristalinas y las extra\u00f1as formaciones rocosas que el tiempo ha labrado en el lugar. Aprende con un curso de barranquismo o realiza caminatas, escaladas, saltos, r\u00e1pel y nataci\u00f3n. Mallorca tiene muchos ca\u00f1ones que se han formado durante millones de a\u00f1os a trav\u00e9s de la erosi\u00f3n, y estas gargantas estrechas, con paredes y cascadas bellamente formadas, proporcionan un tel\u00f3n de fondo sorprendente para tus fotos y vacaciones.<\/p>\n<h2><strong>Torrent De Pareis &#8211; Caminata<\/strong><\/h2>\n<p>Nivel de dificultad: alto, como sitios de escalada individuales.<br \/>\nLongitud: 8km. Descenso: 600m.<br \/>\nDuraci\u00f3n: 4-6 h dependiendo del tama\u00f1o del grupo.<br \/>\nEl Torrente de Pareis es probablemente la caminata m\u00e1s extraordinaria de la isla. Los altos muros de roca de m\u00e1s de 200 m, el desierto y algunos puntos de escalada son los aspectos m\u00e1s destacados de este desfiladero. Las caracter\u00edsticas biol\u00f3gicas y geol\u00f3gicas de esta garganta son la raz\u00f3n por la cual fue declarada monumento natural por la UNESCO.<\/p>\n<h2><strong>Senderismo<\/strong><\/h2>\n<p>Mallorca es una isla que ofrece una amplia gama de paisajes encantadores. Hay rutas interesantes en las monta\u00f1as, a lo largo de la costa o por las llanuras, desde donde se tiene una vista impresionante de las monta\u00f1as de Tramuntana en el oeste.<\/p>\n<h2><strong>Escalada<\/strong><\/h2>\n<p>En Mallorca se puede escalar en la Serra de Tramuntana o directamente sobre el mar. La roca est\u00e1 hecha de piedra caliza y por lo tanto ofrece excelentes oportunidades en todas partes. El enorme \u00abAnfiteatro de Sa Gubia\u00bb ofrece una gran cantidad de medios totalmente asegurados a trav\u00e9s de ferrata, especialmente para \u00abescaladores de varios campos\u00bb.<\/p>\n<h2><strong>Espeleolog\u00eda<\/strong><\/h2>\n<p>Asuma el papel de investigador y descubra junto con MALLORCA AKTIVITIES los tesoros del inframundo en una de las rutas de cuevas m\u00e1s hermosas de Mallorca. Sum\u00e9rgete en las profundidades de una cueva con salones encantadores, donde puedes encontrar todo tipo de estalactitas y estalagmitas. Para disfrutar de una visita a la cueva, debe ser deportivo y, por supuesto, libre de claustrofobia.<\/p>\n<h2><strong>Kayak<\/strong><\/h2>\n<p>Las tranquilas aguas de Mallorca, 300 d\u00edas de sol durante el a\u00f1o, \u00a1ideales para practicar pirag\u00fcismo en kayak! Por ejemplo, la costa ofrece cuevas fascinantes que puedes explorar en kayak. Una experiencia interesante, accesible para todos, incluso si nunca antes has remado un kayak.<br \/>\nActividades en Mallorca &#8211; c \/ Manyoles, 122 &#8211; 07340 Alaro &#8211; Tel\u00e9fono. (+34) 971 592347 &#8211; (+34) 647 594710 &#8211; info@mallorca-activities.com<br \/>\n<a href=\"https:\/\/mallorca-activities.com\/de\/\" target=\"_blank\" rel=\"noopener\"> www.mallorca-activities.com\/de\/<\/a><\/p>\n<p>&nbsp;<\/p>\n<h2><strong>M\u00e1s ideas, en pocas palabras:<\/strong><\/h2>\n<p><strong>RoDa Boats &#8211; Lanchas r\u00e1pidas<\/strong> , lanchas tambi\u00e9n sin licencia de barco &#8211; <a href=\"https:\/\/rodaboats.com\/de\/index.html\" target=\"_blank\" rel=\"noopener\">www.rodaboats.eu<\/a><\/p>\n<p><strong>Son Menut &#8211; Escuela de equitaci\u00f3n muy simp\u00e1tica cerca de Felanitx &#8211;<\/strong> paseos a caballo, clases de equitaci\u00f3n para ni\u00f1os y adultos &#8211; <a href=\"https:\/\/www.sonmenut.com\/es\/inicio\" target=\"_blank\" rel=\"noopener\">www.sonmenut.com\/<\/a><\/p>\n<p><strong>Rancho Grande<\/strong> &#8211; rancho de caballos en el norte, cerca de Son Serra de Marina &#8211; paseos a caballo en la playa &#8211; <a href=\"https:\/\/www.ranchograndemallorca.com\/es\/\" target=\"_blank\" rel=\"noopener\">www.ranchograndemallorca.com<\/a><\/p>\n<p><strong>Palma Aquarium &#8211;<\/strong> Fish, Fish, Fish:<a href=\"https:\/\/palmaaquarium.com\/\" target=\"_blank\" rel=\"noopener\"> www.palmaaquarium.com<\/a><\/p>\n<p><strong>Jungle Park<\/strong> &#8211; Southwest Climbing Park &#8211; <a href=\"http:\/\/www.jungleparc.es\/de\/\" target=\"_blank\" rel=\"noopener\">www.jungleparc.es\/en\/<\/a><\/p>\n<p><strong>Paintball &#8211;<\/strong> Sa Pobla &#8211; desde 10 a\u00f1os &#8211; www.paintballfantasy.com\/de\/<\/p>\n<p><strong>Bike Point &#8211;<\/strong> Cala Millor &#8211; Tours en bicicleta y alquiler de bicicletas &#8211; <a href=\"http:\/\/www.bikepointmallorca.es\/\" target=\"_blank\" rel=\"noopener\">www.bikepointmallorca.es<\/a><\/p>\n<p><strong>Kart &#8211;<\/strong> Can Picafort &#8211;<a href=\"https:\/\/www.kartingcanpicafort.com\/\" target=\"_blank\" rel=\"noopener\"> www.kartingcanpicafort.com<\/a><\/p>\n<p><strong>Gimnasio<\/strong> &#8211; Jet-7 &#8211; <a href=\"https:\/\/www.jet-7.es\/\" target=\"_blank\" rel=\"noopener\">www.jet-7.es\/<\/a>[\/vc_column_text][\/vc_column][\/vc_row][vc_row][vc_column][vc_empty_space height=\u00bb30&#8243;][vc_separator][vc_empty_space height=\u00bb15&#8243;][\/vc_column][\/vc_row][vc_row][vc_column]<div class=\" bottom-estate_property nobutton \" ><div class=\"items_shortcode_wrapper  \">  \n\n <div itemscope itemtype=\"http:\/\/schema.org\/Product\" class=\"listing_wrapper col-md-3 shortcode-col property_unit_v3  property_flex  air-conditioner-es bbq-barbacoa-de-gas cafetera-cafe-de-filtro cafetera-maquina-de-capsulas heating-es water-heater-es cuna-de-bebe pool-shower-es oven-es washing-machine-es washer-es microwave-es fridge-freezer-es pool-es iron-es radio-es deckchairs-es sillita-alta-para-ninos toallas-de-piscina tostadora tv-por-satelite veranda-es wi-fi-es \" data-org=\"4\" data-listid=\"67415\" > \n    \n    <div class=\"property_listing\" data-link=\"https:\/\/7mallorca.com\/es\/casa-vacacional\/finca-pep\/\">\n                \n          \n            <div class=\"listing-unit-img-wrapper\">\n                <div id=\"property_unit_carousel_69ee3b5195bac\" class=\"carousel property_unit_carousel slide  \" data-ride=\"carousel\" data-interval=\"false\">\n                    <div class=\"carousel-inner\">         \n                        <div class=\"item active\">    \n                            <a href=\"https:\/\/7mallorca.com\/es\/casa-vacacional\/finca-pep\/\"><img itemprop=\"image\" src=\"https:\/\/7mallorca.com\/wp-content\/uploads\/2022\/03\/ferienhaus.7mallorca.pool_.klima_-400x314.jpg\"   class=\"b-lazy img-responsive wp-post-image lazy-hidden\" alt=\"imagen\" \/><\/a>     \n                        <\/div>\n                        <div class=\"item lazy-load-item\">\n                                        <a href=\"https:\/\/7mallorca.com\/es\/casa-vacacional\/finca-pep\/\"><img  src=\"https:\/\/7mallorca.com\/wp-content\/uploads\/2022\/03\/klimaanlage.gasgrill.pool_.urlaubshaus-400x314.jpg\" alt=\"Finca Pep\" class=\"img-responsive\" \/><\/a>\n                                    <\/div><div class=\"item lazy-load-item\">\n                                        <a href=\"https:\/\/7mallorca.com\/es\/casa-vacacional\/finca-pep\/\"><img  src=\"https:\/\/7mallorca.com\/wp-content\/uploads\/2022\/03\/klimaanlage.gasgrill.pool_.finca_.mallorca-400x314.jpg\" alt=\"Finca Pep\" class=\"img-responsive\" \/><\/a>\n                                    <\/div><div class=\"item lazy-load-item\">\n                                        <a href=\"https:\/\/7mallorca.com\/es\/casa-vacacional\/finca-pep\/\"><img  src=\"https:\/\/7mallorca.com\/wp-content\/uploads\/2022\/03\/pool.klimaanlage.mallorca.ferienhaus-400x314.jpg\" alt=\"Finca Pep\" class=\"img-responsive\" \/><\/a>\n                                    <\/div><div class=\"item lazy-load-item\">\n                                        <a href=\"https:\/\/7mallorca.com\/es\/casa-vacacional\/finca-pep\/\"><img  src=\"https:\/\/7mallorca.com\/wp-content\/uploads\/2022\/03\/pool.ac_.mallorca.finca_-400x314.jpg\" alt=\"Finca Pep\" class=\"img-responsive\" \/><\/a>\n                                    <\/div><div class=\"item lazy-load-item\">\n                                        <a href=\"https:\/\/7mallorca.com\/es\/casa-vacacional\/finca-pep\/\"><img  src=\"https:\/\/7mallorca.com\/wp-content\/uploads\/2022\/03\/klimaanlage.gasgrill.pool_.spanien-400x314.jpg\" alt=\"Finca Pep\" class=\"img-responsive\" \/><\/a>\n                                    <\/div><div class=\"item lazy-load-item\">\n                                        <a href=\"https:\/\/7mallorca.com\/es\/casa-vacacional\/finca-pep\/\"><img  src=\"https:\/\/7mallorca.com\/wp-content\/uploads\/2022\/03\/klimaanlage.gasgrill.pool_.finca_-400x314.jpg\" alt=\"Finca Pep\" class=\"img-responsive\" \/><\/a>\n                                    <\/div><div class=\"item lazy-load-item\">\n                                        <a href=\"https:\/\/7mallorca.com\/es\/casa-vacacional\/finca-pep\/\"><img  src=\"https:\/\/7mallorca.com\/wp-content\/uploads\/2022\/03\/klimaanlage.gasgrill.pool_.mallorca-400x314.jpg\" alt=\"Finca Pep\" class=\"img-responsive\" \/><\/a>\n                                    <\/div><div class=\"item lazy-load-item\">\n                                        <a href=\"https:\/\/7mallorca.com\/es\/casa-vacacional\/finca-pep\/\"><img  src=\"https:\/\/7mallorca.com\/wp-content\/uploads\/2022\/03\/klimaanlage.gasgrill.pool_.malle_-400x314.jpg\" alt=\"Finca Pep\" class=\"img-responsive\" \/><\/a>\n                                    <\/div><div class=\"item lazy-load-item\">\n                                        <a href=\"https:\/\/7mallorca.com\/es\/casa-vacacional\/finca-pep\/\"><img  src=\"https:\/\/7mallorca.com\/wp-content\/uploads\/2022\/03\/klimaanlage.gasgrill.pool_.finka_-400x314.jpg\" alt=\"Finca Pep\" class=\"img-responsive\" \/><\/a>\n                                    <\/div><div class=\"item lazy-load-item\">\n                                        <a href=\"https:\/\/7mallorca.com\/es\/casa-vacacional\/finca-pep\/\"><img  src=\"https:\/\/7mallorca.com\/wp-content\/uploads\/2022\/03\/klimaanlage.gasgrill.pool_.ferienhaus-400x314.jpg\" alt=\"Finca Pep\" class=\"img-responsive\" \/><\/a>\n                                    <\/div><div class=\"item lazy-load-item\">\n                                        <a href=\"https:\/\/7mallorca.com\/es\/casa-vacacional\/finca-pep\/\"><img  src=\"https:\/\/7mallorca.com\/wp-content\/uploads\/2022\/03\/ferienhaus.mit_.pool_.klimaanlage-400x314.jpg\" alt=\"Finca Pep\" class=\"img-responsive\" \/><\/a>\n                                    <\/div><div class=\"item lazy-load-item\">\n                                        <a href=\"https:\/\/7mallorca.com\/es\/casa-vacacional\/finca-pep\/\"><img  src=\"https:\/\/7mallorca.com\/wp-content\/uploads\/2022\/03\/familie.kinder.mallorca.urlaub-400x314.jpg\" alt=\"Finca Pep\" class=\"img-responsive\" \/><\/a>\n                                    <\/div><div class=\"item lazy-load-item\">\n                                        <a href=\"https:\/\/7mallorca.com\/es\/casa-vacacional\/finca-pep\/\"><img  src=\"https:\/\/7mallorca.com\/wp-content\/uploads\/2022\/03\/ferienhaus.modern.pool_.ac_-400x314.jpg\" alt=\"Finca Pep\" class=\"img-responsive\" \/><\/a>\n                                    <\/div><div class=\"item lazy-load-item\">\n                                        <a href=\"https:\/\/7mallorca.com\/es\/casa-vacacional\/finca-pep\/\"><img  src=\"https:\/\/7mallorca.com\/wp-content\/uploads\/2022\/03\/finca.modern.klima_.mallorca-400x314.jpg\" alt=\"Finca Pep\" class=\"img-responsive\" \/><\/a>\n                                    <\/div><div class=\"item lazy-load-item\">\n                                        <a href=\"https:\/\/7mallorca.com\/es\/casa-vacacional\/finca-pep\/\"><img  src=\"https:\/\/7mallorca.com\/wp-content\/uploads\/2022\/03\/finca.neu_.renoviert.pool_.ac_-400x314.jpg\" alt=\"Finca Pep\" class=\"img-responsive\" \/><\/a>\n                                    <\/div><div class=\"item lazy-load-item\">\n                                        <a href=\"https:\/\/7mallorca.com\/es\/casa-vacacional\/finca-pep\/\"><img  src=\"https:\/\/7mallorca.com\/wp-content\/uploads\/2022\/03\/pool.klimaanlage.mallorca.finka_-400x314.jpg\" alt=\"Finca Pep\" class=\"img-responsive\" \/><\/a>\n                                    <\/div><div class=\"item lazy-load-item\">\n                                        <a href=\"https:\/\/7mallorca.com\/es\/casa-vacacional\/finca-pep\/\"><img  src=\"https:\/\/7mallorca.com\/wp-content\/uploads\/2022\/03\/ferienhaus.schwimmen.grill_-400x314.jpg\" alt=\"Finca Pep\" class=\"img-responsive\" \/><\/a>\n                                    <\/div><div class=\"item lazy-load-item\">\n                                        <a href=\"https:\/\/7mallorca.com\/es\/casa-vacacional\/finca-pep\/\"><img  src=\"https:\/\/7mallorca.com\/wp-content\/uploads\/2022\/03\/familienfreundlich.finca_.mallorca-400x314.jpg\" alt=\"Finca Pep\" class=\"img-responsive\" \/><\/a>\n                                    <\/div><div class=\"item lazy-load-item\">\n                                        <a href=\"https:\/\/7mallorca.com\/es\/casa-vacacional\/finca-pep\/\"><img  src=\"https:\/\/7mallorca.com\/wp-content\/uploads\/2022\/03\/haus.ferien.urlaub.mallorca-400x314.jpg\" alt=\"Finca Pep\" class=\"img-responsive\" \/><\/a>\n                                    <\/div><div class=\"item lazy-load-item\">\n                                        <a href=\"https:\/\/7mallorca.com\/es\/casa-vacacional\/finca-pep\/\"><img  src=\"https:\/\/7mallorca.com\/wp-content\/uploads\/2022\/03\/familienurlaub.mallorca.ferienhaus-400x314.jpg\" alt=\"Finca Pep\" class=\"img-responsive\" \/><\/a>\n                                    <\/div><div class=\"item lazy-load-item\">\n                                        <a href=\"https:\/\/7mallorca.com\/es\/casa-vacacional\/finca-pep\/\"><img  src=\"https:\/\/7mallorca.com\/wp-content\/uploads\/2022\/03\/familie.ferien.mallorca-400x314.jpg\" alt=\"Finca Pep\" class=\"img-responsive\" \/><\/a>\n                                    <\/div><div class=\"item lazy-load-item\">\n                                        <a href=\"https:\/\/7mallorca.com\/es\/casa-vacacional\/finca-pep\/\"><img  src=\"https:\/\/7mallorca.com\/wp-content\/uploads\/2022\/03\/ferienhaus.gut_.neu_.gepflegt-400x314.jpg\" alt=\"Finca Pep\" class=\"img-responsive\" \/><\/a>\n                                    <\/div><div class=\"item lazy-load-item\">\n                                        <a href=\"https:\/\/7mallorca.com\/es\/casa-vacacional\/finca-pep\/\"><img  src=\"https:\/\/7mallorca.com\/wp-content\/uploads\/2022\/03\/ferienhaus.empfehlung.mallorca-400x314.jpg\" alt=\"Finca Pep\" class=\"img-responsive\" \/><\/a>\n                                    <\/div><div class=\"item lazy-load-item\">\n                                        <a href=\"https:\/\/7mallorca.com\/es\/casa-vacacional\/finca-pep\/\"><img  src=\"https:\/\/7mallorca.com\/wp-content\/uploads\/2022\/03\/ferienhaus.modern.renoviert.mallorca-400x314.jpg\" alt=\"Finca Pep\" class=\"img-responsive\" \/><\/a>\n                                    <\/div><div class=\"item lazy-load-item\">\n                                        <a href=\"https:\/\/7mallorca.com\/es\/casa-vacacional\/finca-pep\/\"><img  src=\"https:\/\/7mallorca.com\/wp-content\/uploads\/2022\/03\/pool.klimaanlage.mallorca.finca_-400x314.jpg\" alt=\"Finca Pep\" class=\"img-responsive\" \/><\/a>\n                                    <\/div><div class=\"item lazy-load-item\">\n                                        <a href=\"https:\/\/7mallorca.com\/es\/casa-vacacional\/finca-pep\/\"><img  src=\"https:\/\/7mallorca.com\/wp-content\/uploads\/2022\/03\/Majorca.vacation.house_.ac_.pool_-400x314.jpg\" alt=\"Finca Pep\" class=\"img-responsive\" \/><\/a>\n                                    <\/div><div class=\"item lazy-load-item\">\n                                        <a href=\"https:\/\/7mallorca.com\/es\/casa-vacacional\/finca-pep\/\"><img  src=\"https:\/\/7mallorca.com\/wp-content\/uploads\/2022\/03\/Majorca.holiday.home_.ac_.pool_-400x314.jpg\" alt=\"Finca Pep\" class=\"img-responsive\" \/><\/a>\n                                    <\/div><div class=\"item lazy-load-item\">\n                                        <a href=\"https:\/\/7mallorca.com\/es\/casa-vacacional\/finca-pep\/\"><img  src=\"https:\/\/7mallorca.com\/wp-content\/uploads\/2022\/03\/ferienhaus.gut_.klima_.mallorca-400x314.jpg\" alt=\"Finca Pep\" class=\"img-responsive\" \/><\/a>\n                                    <\/div><div class=\"item lazy-load-item\">\n                                        <a href=\"https:\/\/7mallorca.com\/es\/casa-vacacional\/finca-pep\/\"><img  src=\"https:\/\/7mallorca.com\/wp-content\/uploads\/2022\/03\/familie.kinderfreundlich.mallorca-400x314.jpg\" alt=\"Finca Pep\" class=\"img-responsive\" \/><\/a>\n                                    <\/div><div class=\"item lazy-load-item\">\n                                        <a href=\"https:\/\/7mallorca.com\/es\/casa-vacacional\/finca-pep\/\"><img  src=\"https:\/\/7mallorca.com\/wp-content\/uploads\/2022\/03\/ferienhaus.pool_.ac_.mallorca-400x314.jpg\" alt=\"Finca Pep\" class=\"img-responsive\" \/><\/a>\n                                    <\/div><div class=\"item lazy-load-item\">\n                                        <a href=\"https:\/\/7mallorca.com\/es\/casa-vacacional\/finca-pep\/\"><img  src=\"https:\/\/7mallorca.com\/wp-content\/uploads\/2022\/03\/ferienhaus.pool_.klima_.mallorca-400x314.jpg\" alt=\"Finca Pep\" class=\"img-responsive\" \/><\/a>\n                                    <\/div><div class=\"item lazy-load-item\">\n                                        <a href=\"https:\/\/7mallorca.com\/es\/casa-vacacional\/finca-pep\/\"><img  src=\"https:\/\/7mallorca.com\/wp-content\/uploads\/2022\/03\/urlaub.mallorca.haus_.mieten-400x314.jpg\" alt=\"Finca Pep\" class=\"img-responsive\" \/><\/a>\n                                    <\/div><div class=\"item lazy-load-item\">\n                                        <a href=\"https:\/\/7mallorca.com\/es\/casa-vacacional\/finca-pep\/\"><img  src=\"https:\/\/7mallorca.com\/wp-content\/uploads\/2022\/03\/ferienhaus.pool_.klima_.malorca-400x314.jpg\" alt=\"Finca Pep\" class=\"img-responsive\" \/><\/a>\n                                    <\/div><div class=\"item lazy-load-item\">\n                                        <a href=\"https:\/\/7mallorca.com\/es\/casa-vacacional\/finca-pep\/\"><img  src=\"https:\/\/7mallorca.com\/wp-content\/uploads\/2022\/03\/ferienhaus.7mallorca.mit_.pool_-400x314.jpg\" alt=\"Finca Pep\" class=\"img-responsive\" \/><\/a>\n                                    <\/div><div class=\"item lazy-load-item\">\n                                        <a href=\"https:\/\/7mallorca.com\/es\/casa-vacacional\/finca-pep\/\"><img  src=\"https:\/\/7mallorca.com\/wp-content\/uploads\/2022\/03\/ferienhaus.7mallorca.empfehlung-400x314.jpg\" alt=\"Finca Pep\" class=\"img-responsive\" \/><\/a>\n                                    <\/div><div class=\"item lazy-load-item\">\n                                        <a href=\"https:\/\/7mallorca.com\/es\/casa-vacacional\/finca-pep\/\"><img  src=\"https:\/\/7mallorca.com\/wp-content\/uploads\/2022\/03\/holiday.home_.pool_.ac_.majorca-400x314.jpg\" alt=\"Finca Pep\" class=\"img-responsive\" \/><\/a>\n                                    <\/div><div class=\"item lazy-load-item\">\n                                        <a href=\"https:\/\/7mallorca.com\/es\/casa-vacacional\/finca-pep\/\"><img  src=\"https:\/\/7mallorca.com\/wp-content\/uploads\/2022\/03\/urlaubshaus.mallorca.gut_.empfehlung-400x314.jpg\" alt=\"Finca Pep\" class=\"img-responsive\" \/><\/a>\n                                    <\/div><div class=\"item lazy-load-item\">\n                                        <a href=\"https:\/\/7mallorca.com\/es\/casa-vacacional\/finca-pep\/\"><img  src=\"https:\/\/7mallorca.com\/wp-content\/uploads\/2022\/03\/urlaubshaus.mallorca.neu_.empfehlung-400x314.jpg\" alt=\"Finca Pep\" class=\"img-responsive\" \/><\/a>\n                                    <\/div><div class=\"item lazy-load-item\">\n                                        <a href=\"https:\/\/7mallorca.com\/es\/casa-vacacional\/finca-pep\/\"><img  src=\"https:\/\/7mallorca.com\/wp-content\/uploads\/2022\/03\/ferienhaus.mit_.pool_.mieten-400x314.jpg\" alt=\"Finca Pep\" class=\"img-responsive\" \/><\/a>\n                                    <\/div><div class=\"item lazy-load-item\">\n                                        <a href=\"https:\/\/7mallorca.com\/es\/casa-vacacional\/finca-pep\/\"><img  src=\"https:\/\/7mallorca.com\/wp-content\/uploads\/2022\/03\/Majorca.holidayhouse.ac_.pool_-400x314.jpg\" alt=\"Finca Pep\" class=\"img-responsive\" \/><\/a>\n                                    <\/div><div class=\"item lazy-load-item\">\n                                        <a href=\"https:\/\/7mallorca.com\/es\/casa-vacacional\/finca-pep\/\"><img  src=\"https:\/\/7mallorca.com\/wp-content\/uploads\/2022\/03\/ferienhaus.pool_.tip_.mallorca-400x314.jpg\" alt=\"Finca Pep\" class=\"img-responsive\" \/><\/a>\n                                    <\/div><div class=\"item lazy-load-item\">\n                                        <a href=\"https:\/\/7mallorca.com\/es\/casa-vacacional\/finca-pep\/\"><img  src=\"https:\/\/7mallorca.com\/wp-content\/uploads\/2022\/03\/familie.ferien.haus_.mallorca-400x314.jpg\" alt=\"Finca Pep\" class=\"img-responsive\" \/><\/a>\n                                    <\/div><div class=\"item lazy-load-item\">\n                                        <a href=\"https:\/\/7mallorca.com\/es\/casa-vacacional\/finca-pep\/\"><img  src=\"https:\/\/7mallorca.com\/wp-content\/uploads\/2022\/03\/Majorca.holiday.house_.ac_.pool_-400x314.jpg\" alt=\"Finca Pep\" class=\"img-responsive\" \/><\/a>\n                                    <\/div><div class=\"item lazy-load-item\">\n                                        <a href=\"https:\/\/7mallorca.com\/es\/casa-vacacional\/finca-pep\/\"><img  src=\"https:\/\/7mallorca.com\/wp-content\/uploads\/2022\/03\/porto.cristo.finca_.mieten-400x314.jpg\" alt=\"Finca Pep\" class=\"img-responsive\" \/><\/a>\n                                    <\/div><div class=\"item lazy-load-item\">\n                                        <a href=\"https:\/\/7mallorca.com\/es\/casa-vacacional\/finca-pep\/\"><img  src=\"https:\/\/7mallorca.com\/wp-content\/uploads\/2022\/03\/porto.cristo.finca_.gut_-400x314.jpg\" alt=\"Finca Pep\" class=\"img-responsive\" \/><\/a>\n                                    <\/div><div class=\"item lazy-load-item\">\n                                        <a href=\"https:\/\/7mallorca.com\/es\/casa-vacacional\/finca-pep\/\"><img  src=\"https:\/\/7mallorca.com\/wp-content\/uploads\/2022\/03\/vacation.house_.ac_.pool_-400x314.jpg\" alt=\"Finca Pep\" class=\"img-responsive\" \/><\/a>\n                                    <\/div><div class=\"item lazy-load-item\">\n                                        <a href=\"https:\/\/7mallorca.com\/es\/casa-vacacional\/finca-pep\/\"><img  src=\"https:\/\/7mallorca.com\/wp-content\/uploads\/2022\/03\/mallorca.ferienhaus.klima_-400x314.jpg\" alt=\"Finca Pep\" class=\"img-responsive\" \/><\/a>\n                                    <\/div><div class=\"item lazy-load-item\">\n                                        <a href=\"https:\/\/7mallorca.com\/es\/casa-vacacional\/finca-pep\/\"><img  src=\"https:\/\/7mallorca.com\/wp-content\/uploads\/2022\/03\/porto.cristo.finca_.pool_.klima_-400x314.jpg\" alt=\"Finca Pep\" class=\"img-responsive\" \/><\/a>\n                                    <\/div><div class=\"item lazy-load-item\">\n                                        <a href=\"https:\/\/7mallorca.com\/es\/casa-vacacional\/finca-pep\/\"><img  src=\"https:\/\/7mallorca.com\/wp-content\/uploads\/2022\/03\/porto.cristo.finca_.klimaanlage-400x314.jpg\" alt=\"Finca Pep\" class=\"img-responsive\" \/><\/a>\n                                    <\/div><div class=\"item lazy-load-item\">\n                                        <a href=\"https:\/\/7mallorca.com\/es\/casa-vacacional\/finca-pep\/\"><img  src=\"https:\/\/7mallorca.com\/wp-content\/uploads\/2022\/03\/porto.cristo.finka_.mieten-400x314.jpg\" alt=\"Finca Pep\" class=\"img-responsive\" \/><\/a>\n                                    <\/div><div class=\"item lazy-load-item\">\n                                        <a href=\"https:\/\/7mallorca.com\/es\/casa-vacacional\/finca-pep\/\"><img  src=\"https:\/\/7mallorca.com\/wp-content\/uploads\/2022\/03\/urlaubshaus.mallorca.gut_-400x314.jpg\" alt=\"Finca Pep\" class=\"img-responsive\" \/><\/a>\n                                    <\/div><div class=\"item lazy-load-item\">\n                                        <a href=\"https:\/\/7mallorca.com\/es\/casa-vacacional\/finca-pep\/\"><img  src=\"https:\/\/7mallorca.com\/wp-content\/uploads\/2022\/03\/urlaub.haus_.mieten.malle_-400x314.jpg\" alt=\"Finca Pep\" class=\"img-responsive\" \/><\/a>\n                                    <\/div><div class=\"item lazy-load-item\">\n                                        <a href=\"https:\/\/7mallorca.com\/es\/casa-vacacional\/finca-pep\/\"><img  src=\"https:\/\/7mallorca.com\/wp-content\/uploads\/2022\/03\/urlaub.familie.mallorca-400x314.jpg\" alt=\"Finca Pep\" class=\"img-responsive\" \/><\/a>\n                                    <\/div><div class=\"item lazy-load-item\">\n                                        <a href=\"https:\/\/7mallorca.com\/es\/casa-vacacional\/finca-pep\/\"><img  src=\"https:\/\/7mallorca.com\/wp-content\/uploads\/2022\/03\/mallorca.finca_.pool_.ac_-400x314.jpg\" alt=\"Finca Pep\" class=\"img-responsive\" \/><\/a>\n                                    <\/div><div class=\"item lazy-load-item\">\n                                        <a href=\"https:\/\/7mallorca.com\/es\/casa-vacacional\/finca-pep\/\"><img  src=\"https:\/\/7mallorca.com\/wp-content\/uploads\/2022\/03\/ferienhaus.mit_.pool_.7mallorca-400x314.jpg\" alt=\"Finca Pep\" class=\"img-responsive\" \/><\/a>\n                                    <\/div>\n                    <\/div><a href=\"https:\/\/7mallorca.com\/es\/casa-vacacional\/finca-pep\/\"> <\/a><a class=\"left  carousel-control\" href=\"#property_unit_carousel_69ee3b5195bac\" data-slide=\"prev\">\n                        <i class=\"icon-left-open-big\"><\/i>\n                    <\/a>\n\n                    <a class=\"right  carousel-control\" href=\"#property_unit_carousel_69ee3b5195bac\" data-slide=\"next\">\n                        <i class=\"icon-right-open-big\"><\/i>\n                    <\/a><\/div><div class=\"price_unit_wrapper\"> <\/div><div class=\"price_unit\">Desde 260\u20ac hasta 375<span class=\"pernight\"> \/noche<\/span><\/div><\/div>            \n            <div class=\"property_unit_action\">\n                <span class=\"icon-fav icon-fav-off\" data-original-title=\"agregar a los favoritos\" data-postid=\"67415\"><i class=\"fas fa-heart\"><\/i><\/span>\n            <\/div>\n     \n        \n        \n            <div class=\"property_status_wrapper\"><\/div>\t\t\t\n                        \n            \n                      \n            <div class=\"title-container\">\n               \n                <div class=rating_placeholder><\/div>                \n                <div class=\"category_name\">\n\t\t\t\t\n                    <div class=\"category_tagline actions_icon\">\n                        <a href=\"https:\/\/7mallorca.com\/es\/casas-vacacionales\/apartamentos\/\" rel=\"tag\">Apartamentos<\/a> \/ <a href=\"https:\/\/7mallorca.com\/es\/lugar\/portocristo-es\/\" rel=\"tag\">Portocristo<\/a>                    <\/div>\n\t\t\t\t\t\n                    <a itemprop=\"url\" href=\"https:\/\/7mallorca.com\/es\/casa-vacacional\/finca-pep\/\" class=\"listing_title_unit\">\n                        <span itemprop=\"name\">\n                        Finca Pep                        <\/span>    \n                    <\/a>\n                    \n                    <div class=\"category_tagline\">\n                       <div class=\"custom_listing_data\"><i class=\"fas fa-euro-sign\"><\/i>Desde 260\u20ac hasta 375<\/div><div class=\"custom_listing_data\"><i class=\"fas fa-users\"><\/i>6<\/div>\t\t\t\t\t<p><p>Elegante finca reci\u00e9n reformada con piscina infinita y aire acondicionado.<\/p>\n<\/p>\n                    <\/div>\n                <\/div>\n                \n            \n            <\/div>\n            <\/div>          \n<\/div>\n  \n\n <div itemscope itemtype=\"http:\/\/schema.org\/Product\" class=\"listing_wrapper col-md-3 shortcode-col property_unit_v3  property_flex  air-conditioner-es bbq-barbacoa-de-gas cafetera-cafe-de-filtro cafetera-maquina-de-capsulas heating-es water-heater-es chimenea cuna-de-bebe pool-shower-es oven-es jardin washing-machine-es washer-es microwave-es fridge-freezer-es pool-es iron-es radio-es deckchairs-es sillita-alta-para-ninos toallas-de-piscina tostadora tv-por-satelite veranda-es wi-fi-es \" data-org=\"4\" data-listid=\"67456\" > \n    \n    <div class=\"property_listing\" data-link=\"https:\/\/7mallorca.com\/es\/casa-vacacional\/chalet-con-piscina-playa\/\">\n                \n          \n            <div class=\"listing-unit-img-wrapper\">\n                <div id=\"property_unit_carousel_69ee3b519c4a2\" class=\"carousel property_unit_carousel slide  \" data-ride=\"carousel\" data-interval=\"false\">\n                    <div class=\"carousel-inner\">         \n                        <div class=\"item active\">    \n                            <a href=\"https:\/\/7mallorca.com\/es\/casa-vacacional\/chalet-con-piscina-playa\/\"><img itemprop=\"image\" src=\"https:\/\/7mallorca.com\/wp-content\/uploads\/2018\/10\/ferienhaus.am_.meer_.pool_.mallorca-400x314.jpg\"   class=\"b-lazy img-responsive wp-post-image lazy-hidden\" alt=\"imagen\" \/><\/a>     \n                        <\/div>\n                        <div class=\"item lazy-load-item\">\n                                        <a href=\"https:\/\/7mallorca.com\/es\/casa-vacacional\/chalet-con-piscina-playa\/\"><img  src=\"https:\/\/7mallorca.com\/wp-content\/uploads\/2018\/10\/ferienhaus.meer_.pool_.familie.kinder-400x314.jpg\" alt=\"Villa Rafa\" class=\"img-responsive\" \/><\/a>\n                                    <\/div><div class=\"item lazy-load-item\">\n                                        <a href=\"https:\/\/7mallorca.com\/es\/casa-vacacional\/chalet-con-piscina-playa\/\"><img  src=\"https:\/\/7mallorca.com\/wp-content\/uploads\/2018\/10\/calamandia4-400x314.jpg\" alt=\"Villa Rafa\" class=\"img-responsive\" \/><\/a>\n                                    <\/div><div class=\"item lazy-load-item\">\n                                        <a href=\"https:\/\/7mallorca.com\/es\/casa-vacacional\/chalet-con-piscina-playa\/\"><img  src=\"https:\/\/7mallorca.com\/wp-content\/uploads\/2018\/10\/mallorca.strandnah.urlaub.haus_.mieten-400x314.jpg\" alt=\"Villa Rafa\" class=\"img-responsive\" \/><\/a>\n                                    <\/div><div class=\"item lazy-load-item\">\n                                        <a href=\"https:\/\/7mallorca.com\/es\/casa-vacacional\/chalet-con-piscina-playa\/\"><img  src=\"https:\/\/7mallorca.com\/wp-content\/uploads\/2018\/10\/strandnah.ferienhaus.mallorca-400x314.jpg\" alt=\"Villa Rafa\" class=\"img-responsive\" \/><\/a>\n                                    <\/div><div class=\"item lazy-load-item\">\n                                        <a href=\"https:\/\/7mallorca.com\/es\/casa-vacacional\/chalet-con-piscina-playa\/\"><img  src=\"https:\/\/7mallorca.com\/wp-content\/uploads\/2018\/10\/mallorca.urlaub.ferienhaus.pool_.strand-400x314.jpg\" alt=\"Villa Rafa\" class=\"img-responsive\" \/><\/a>\n                                    <\/div><div class=\"item lazy-load-item\">\n                                        <a href=\"https:\/\/7mallorca.com\/es\/casa-vacacional\/chalet-con-piscina-playa\/\"><img  src=\"https:\/\/7mallorca.com\/wp-content\/uploads\/2018\/10\/urlaubshaus.pool_.meer_.strand.malle_-400x314.jpg\" alt=\"Villa Rafa\" class=\"img-responsive\" \/><\/a>\n                                    <\/div><div class=\"item lazy-load-item\">\n                                        <a href=\"https:\/\/7mallorca.com\/es\/casa-vacacional\/chalet-con-piscina-playa\/\"><img  src=\"https:\/\/7mallorca.com\/wp-content\/uploads\/2018\/10\/mallorca-finca-strand-kinder-urlaub-400x314.jpg\" alt=\"Villa Rafa\" class=\"img-responsive\" \/><\/a>\n                                    <\/div><div class=\"item lazy-load-item\">\n                                        <a href=\"https:\/\/7mallorca.com\/es\/casa-vacacional\/chalet-con-piscina-playa\/\"><img  src=\"https:\/\/7mallorca.com\/wp-content\/uploads\/2018\/10\/enjoy-majorca-trip-nice-400x314.jpg\" alt=\"Villa Rafa\" class=\"img-responsive\" \/><\/a>\n                                    <\/div><div class=\"item lazy-load-item\">\n                                        <a href=\"https:\/\/7mallorca.com\/es\/casa-vacacional\/chalet-con-piscina-playa\/\"><img  src=\"https:\/\/7mallorca.com\/wp-content\/uploads\/2018\/10\/beach-strand-nah-playa-cerca-casa-400x314.jpg\" alt=\"Villa Rafa\" class=\"img-responsive\" \/><\/a>\n                                    <\/div><div class=\"item lazy-load-item\">\n                                        <a href=\"https:\/\/7mallorca.com\/es\/casa-vacacional\/chalet-con-piscina-playa\/\"><img  src=\"https:\/\/7mallorca.com\/wp-content\/uploads\/2018\/10\/cala.mandia.ferienhaus.pool_.familie-400x314.jpg\" alt=\"Villa Rafa\" class=\"img-responsive\" \/><\/a>\n                                    <\/div><div class=\"item lazy-load-item\">\n                                        <a href=\"https:\/\/7mallorca.com\/es\/casa-vacacional\/chalet-con-piscina-playa\/\"><img  src=\"https:\/\/7mallorca.com\/wp-content\/uploads\/2018\/10\/cala.mandia.ferienhaus.pool_.wlan_-400x314.jpg\" alt=\"Villa Rafa\" class=\"img-responsive\" \/><\/a>\n                                    <\/div><div class=\"item lazy-load-item\">\n                                        <a href=\"https:\/\/7mallorca.com\/es\/casa-vacacional\/chalet-con-piscina-playa\/\"><img  src=\"https:\/\/7mallorca.com\/wp-content\/uploads\/2018\/10\/cala.mandia.haus_.mieten.pool_.grill_-400x314.jpg\" alt=\"Villa Rafa\" class=\"img-responsive\" \/><\/a>\n                                    <\/div><div class=\"item lazy-load-item\">\n                                        <a href=\"https:\/\/7mallorca.com\/es\/casa-vacacional\/chalet-con-piscina-playa\/\"><img  src=\"https:\/\/7mallorca.com\/wp-content\/uploads\/2018\/10\/fferienhaus.strand.pool_.mallorca-400x314.jpg\" alt=\"Villa Rafa\" class=\"img-responsive\" \/><\/a>\n                                    <\/div><div class=\"item lazy-load-item\">\n                                        <a href=\"https:\/\/7mallorca.com\/es\/casa-vacacional\/chalet-con-piscina-playa\/\"><img  src=\"https:\/\/7mallorca.com\/wp-content\/uploads\/2018\/10\/ferienhaus.nah_.meer_.mit_.pool_-400x314.jpg\" alt=\"Villa Rafa\" class=\"img-responsive\" \/><\/a>\n                                    <\/div><div class=\"item lazy-load-item\">\n                                        <a href=\"https:\/\/7mallorca.com\/es\/casa-vacacional\/chalet-con-piscina-playa\/\"><img  src=\"https:\/\/7mallorca.com\/wp-content\/uploads\/2018\/10\/ferienhaus.cala_.mandia.pool_-400x314.jpg\" alt=\"Villa Rafa\" class=\"img-responsive\" \/><\/a>\n                                    <\/div><div class=\"item lazy-load-item\">\n                                        <a href=\"https:\/\/7mallorca.com\/es\/casa-vacacional\/chalet-con-piscina-playa\/\"><img  src=\"https:\/\/7mallorca.com\/wp-content\/uploads\/2018\/10\/urlaubshaus.strandnah.meer_.pool_-400x314.jpg\" alt=\"Villa Rafa\" class=\"img-responsive\" \/><\/a>\n                                    <\/div><div class=\"item lazy-load-item\">\n                                        <a href=\"https:\/\/7mallorca.com\/es\/casa-vacacional\/chalet-con-piscina-playa\/\"><img  src=\"https:\/\/7mallorca.com\/wp-content\/uploads\/2018\/10\/mallorca.urlaub.am_.meer_.haus_-400x314.jpg\" alt=\"Villa Rafa\" class=\"img-responsive\" \/><\/a>\n                                    <\/div><div class=\"item lazy-load-item\">\n                                        <a href=\"https:\/\/7mallorca.com\/es\/casa-vacacional\/chalet-con-piscina-playa\/\"><img  src=\"https:\/\/7mallorca.com\/wp-content\/uploads\/2018\/10\/ferienhaus.pool_.nah_.strand.mallorca-400x314.jpg\" alt=\"Villa Rafa\" class=\"img-responsive\" \/><\/a>\n                                    <\/div><div class=\"item lazy-load-item\">\n                                        <a href=\"https:\/\/7mallorca.com\/es\/casa-vacacional\/chalet-con-piscina-playa\/\"><img  src=\"https:\/\/7mallorca.com\/wp-content\/uploads\/2018\/10\/mallorca.strandnah.ferien.haus_.pool_-400x314.jpg\" alt=\"Villa Rafa\" class=\"img-responsive\" \/><\/a>\n                                    <\/div><div class=\"item lazy-load-item\">\n                                        <a href=\"https:\/\/7mallorca.com\/es\/casa-vacacional\/chalet-con-piscina-playa\/\"><img  src=\"https:\/\/7mallorca.com\/wp-content\/uploads\/2018\/10\/mallorca.strandnah.ferienhaus.meer_-400x314.jpg\" alt=\"Villa Rafa\" class=\"img-responsive\" \/><\/a>\n                                    <\/div><div class=\"item lazy-load-item\">\n                                        <a href=\"https:\/\/7mallorca.com\/es\/casa-vacacional\/chalet-con-piscina-playa\/\"><img  src=\"https:\/\/7mallorca.com\/wp-content\/uploads\/2018\/10\/urlaubshaus.meer_.strand.pool_-400x314.jpg\" alt=\"Villa Rafa\" class=\"img-responsive\" \/><\/a>\n                                    <\/div><div class=\"item lazy-load-item\">\n                                        <a href=\"https:\/\/7mallorca.com\/es\/casa-vacacional\/chalet-con-piscina-playa\/\"><img  src=\"https:\/\/7mallorca.com\/wp-content\/uploads\/2018\/10\/urlaubshaus.nah_.strand.pool_-400x314.jpg\" alt=\"Villa Rafa\" class=\"img-responsive\" \/><\/a>\n                                    <\/div><div class=\"item lazy-load-item\">\n                                        <a href=\"https:\/\/7mallorca.com\/es\/casa-vacacional\/chalet-con-piscina-playa\/\"><img  src=\"https:\/\/7mallorca.com\/wp-content\/uploads\/2018\/10\/ferienhaus.rafa_.strandnah.klimaanlage-400x314.jpg\" alt=\"Villa Rafa\" class=\"img-responsive\" \/><\/a>\n                                    <\/div><div class=\"item lazy-load-item\">\n                                        <a href=\"https:\/\/7mallorca.com\/es\/casa-vacacional\/chalet-con-piscina-playa\/\"><img  src=\"https:\/\/7mallorca.com\/wp-content\/uploads\/2018\/10\/ferienhaus.rafa_.cala_.mandia.mallorca-400x314.jpg\" alt=\"Villa Rafa\" class=\"img-responsive\" \/><\/a>\n                                    <\/div><div class=\"item lazy-load-item\">\n                                        <a href=\"https:\/\/7mallorca.com\/es\/casa-vacacional\/chalet-con-piscina-playa\/\"><img  src=\"https:\/\/7mallorca.com\/wp-content\/uploads\/2018\/10\/ferienhaus.rafa_.cala_.mandia.7mallorca-400x314.jpg\" alt=\"Villa Rafa\" class=\"img-responsive\" \/><\/a>\n                                    <\/div><div class=\"item lazy-load-item\">\n                                        <a href=\"https:\/\/7mallorca.com\/es\/casa-vacacional\/chalet-con-piscina-playa\/\"><img  src=\"https:\/\/7mallorca.com\/wp-content\/uploads\/2018\/10\/cala-mendia-mandia-portocristo-400x314.jpg\" alt=\"Villa Rafa\" class=\"img-responsive\" \/><\/a>\n                                    <\/div><div class=\"item lazy-load-item\">\n                                        <a href=\"https:\/\/7mallorca.com\/es\/casa-vacacional\/chalet-con-piscina-playa\/\"><img  src=\"https:\/\/7mallorca.com\/wp-content\/uploads\/2018\/10\/ferienhaus.am_.meer_.mit_.pool_-400x314.jpg\" alt=\"Villa Rafa\" class=\"img-responsive\" \/><\/a>\n                                    <\/div><div class=\"item lazy-load-item\">\n                                        <a href=\"https:\/\/7mallorca.com\/es\/casa-vacacional\/chalet-con-piscina-playa\/\"><img  src=\"https:\/\/7mallorca.com\/wp-content\/uploads\/2018\/10\/haus.am_.meer_.mieten.urlaub-400x314.jpg\" alt=\"Villa Rafa\" class=\"img-responsive\" \/><\/a>\n                                    <\/div><div class=\"item lazy-load-item\">\n                                        <a href=\"https:\/\/7mallorca.com\/es\/casa-vacacional\/chalet-con-piscina-playa\/\"><img  src=\"https:\/\/7mallorca.com\/wp-content\/uploads\/2018\/10\/ferienhaus-mallorca-mieten-strand-400x314.jpg\" alt=\"Villa Rafa\" class=\"img-responsive\" \/><\/a>\n                                    <\/div>\n                    <\/div><a href=\"https:\/\/7mallorca.com\/es\/casa-vacacional\/chalet-con-piscina-playa\/\"> <\/a><a class=\"left  carousel-control\" href=\"#property_unit_carousel_69ee3b519c4a2\" data-slide=\"prev\">\n                        <i class=\"icon-left-open-big\"><\/i>\n                    <\/a>\n\n                    <a class=\"right  carousel-control\" href=\"#property_unit_carousel_69ee3b519c4a2\" data-slide=\"next\">\n                        <i class=\"icon-right-open-big\"><\/i>\n                    <\/a><\/div><div class=\"price_unit_wrapper\"> <\/div><div class=\"price_unit\">Desde 142\u20ac hasta 350\u20ac<span class=\"pernight\"> \/noche<\/span><\/div><\/div>            \n            <div class=\"property_unit_action\">\n                <span class=\"icon-fav icon-fav-off\" data-original-title=\"agregar a los favoritos\" data-postid=\"67456\"><i class=\"fas fa-heart\"><\/i><\/span>\n            <\/div>\n     \n        \n        \n            <div class=\"property_status_wrapper\"><\/div>\t\t\t\n                        \n            \n                      \n            <div class=\"title-container\">\n               \n                <div class=rating_placeholder><\/div>                \n                <div class=\"category_name\">\n\t\t\t\t\n                    <div class=\"category_tagline actions_icon\">\n                        <a href=\"https:\/\/7mallorca.com\/es\/casas-vacacionales\/a-un-paso-de-la-playa\/\" rel=\"tag\">A un paso de la playa<\/a> \/ <a href=\"https:\/\/7mallorca.com\/es\/lugar\/cala-mandia-es\/\" rel=\"tag\">Cala Mandia<\/a>                    <\/div>\n\t\t\t\t\t\n                    <a itemprop=\"url\" href=\"https:\/\/7mallorca.com\/es\/casa-vacacional\/chalet-con-piscina-playa\/\" class=\"listing_title_unit\">\n                        <span itemprop=\"name\">\n                        Villa Rafa                        <\/span>    \n                    <\/a>\n                    \n                    <div class=\"category_tagline\">\n                       <div class=\"custom_listing_data\"><i class=\"fas fa-euro-sign\"><\/i>Desde 142\u20ac hasta 350\u20ac<\/div><div class=\"custom_listing_data\"><i class=\"fas fa-users\"><\/i>6<\/div>\t\t\t\t\t<p><p>Chalet con piscina cerca de la playa<\/p>\n<\/p>\n                    <\/div>\n                <\/div>\n                \n            \n            <\/div>\n            <\/div>          \n<\/div>\n  \n\n <div itemscope itemtype=\"http:\/\/schema.org\/Product\" class=\"listing_wrapper col-md-3 shortcode-col property_unit_v3  property_flex  air-conditioner-es bbq-barbacoa-de-gas cafetera-cafe-de-filtro water-heater-es cuna-de-bebe pool-shower-es oven-es washing-machine-es washer-es microwave-es fridge-freezer-es carport-es pool-es iron-es radio-es dvd-player-es deckchairs-es sillita-alta-para-ninos toallas-de-piscina tostadora tv-por-satelite veranda-es wi-fi-es \" data-org=\"4\" data-listid=\"67465\" > \n    \n    <div class=\"property_listing\" data-link=\"https:\/\/7mallorca.com\/es\/casa-vacacional\/mediterraneo-finca-piscina\/\">\n                \n          \n            <div class=\"listing-unit-img-wrapper\">\n                <div id=\"property_unit_carousel_69ee3b51a2f9a\" class=\"carousel property_unit_carousel slide  \" data-ride=\"carousel\" data-interval=\"false\">\n                    <div class=\"carousel-inner\">         \n                        <div class=\"item active\">    \n                            <a href=\"https:\/\/7mallorca.com\/es\/casa-vacacional\/mediterraneo-finca-piscina\/\"><img itemprop=\"image\" src=\"https:\/\/7mallorca.com\/wp-content\/uploads\/2018\/10\/aufenthalt-mallorca-haus-pool-familie-900x598-400x314.jpg\"   class=\"b-lazy img-responsive wp-post-image lazy-hidden\" alt=\"imagen\" \/><\/a>     \n                        <\/div>\n                        <div class=\"item lazy-load-item\">\n                                        <a href=\"https:\/\/7mallorca.com\/es\/casa-vacacional\/mediterraneo-finca-piscina\/\"><img  src=\"https:\/\/7mallorca.com\/wp-content\/uploads\/2018\/10\/ines-7mallorca-finca-pool-familie-900x600-400x314.jpg\" alt=\"Finca Ines\" class=\"img-responsive\" \/><\/a>\n                                    <\/div><div class=\"item lazy-load-item\">\n                                        <a href=\"https:\/\/7mallorca.com\/es\/casa-vacacional\/mediterraneo-finca-piscina\/\"><img  src=\"https:\/\/7mallorca.com\/wp-content\/uploads\/2018\/10\/ferienfinca-pool-son-macia-ostkueste-400x314.jpg\" alt=\"Finca Ines\" class=\"img-responsive\" \/><\/a>\n                                    <\/div><div class=\"item lazy-load-item\">\n                                        <a href=\"https:\/\/7mallorca.com\/es\/casa-vacacional\/mediterraneo-finca-piscina\/\"><img  src=\"https:\/\/7mallorca.com\/wp-content\/uploads\/2018\/10\/espana-casa-de-campo-piscina-400x314.jpg\" alt=\"Finca Ines\" class=\"img-responsive\" \/><\/a>\n                                    <\/div><div class=\"item lazy-load-item\">\n                                        <a href=\"https:\/\/7mallorca.com\/es\/casa-vacacional\/mediterraneo-finca-piscina\/\"><img  src=\"https:\/\/7mallorca.com\/wp-content\/uploads\/2018\/10\/reise-malle-ferien-haus-pool-familie-400x314.jpg\" alt=\"Finca Ines\" class=\"img-responsive\" \/><\/a>\n                                    <\/div><div class=\"item lazy-load-item\">\n                                        <a href=\"https:\/\/7mallorca.com\/es\/casa-vacacional\/mediterraneo-finca-piscina\/\"><img  src=\"https:\/\/7mallorca.com\/wp-content\/uploads\/2018\/10\/ines-7mallorca-finca-pool-mallorca-900x598-400x314.jpg\" alt=\"Finca Ines\" class=\"img-responsive\" \/><\/a>\n                                    <\/div><div class=\"item lazy-load-item\">\n                                        <a href=\"https:\/\/7mallorca.com\/es\/casa-vacacional\/mediterraneo-finca-piscina\/\"><img  src=\"https:\/\/7mallorca.com\/wp-content\/uploads\/2018\/10\/ines-7mallorca-burghaus-garcia-900x600-400x314.jpg\" alt=\"Finca Ines\" class=\"img-responsive\" \/><\/a>\n                                    <\/div><div class=\"item lazy-load-item\">\n                                        <a href=\"https:\/\/7mallorca.com\/es\/casa-vacacional\/mediterraneo-finca-piscina\/\"><img  src=\"https:\/\/7mallorca.com\/wp-content\/uploads\/2018\/10\/ferien-finca-pool-urlaubshaus-mallorca-400x314.jpg\" alt=\"Finca Ines\" class=\"img-responsive\" \/><\/a>\n                                    <\/div><div class=\"item lazy-load-item\">\n                                        <a href=\"https:\/\/7mallorca.com\/es\/casa-vacacional\/mediterraneo-finca-piscina\/\"><img  src=\"https:\/\/7mallorca.com\/wp-content\/uploads\/2018\/10\/ein-landhaus-mit-pool-spanien-400x314.jpg\" alt=\"Finca Ines\" class=\"img-responsive\" \/><\/a>\n                                    <\/div><div class=\"item lazy-load-item\">\n                                        <a href=\"https:\/\/7mallorca.com\/es\/casa-vacacional\/mediterraneo-finca-piscina\/\"><img  src=\"https:\/\/7mallorca.com\/wp-content\/uploads\/2018\/10\/einmalige-finca-pool-mallorca-400x314.jpg\" alt=\"Finca Ines\" class=\"img-responsive\" \/><\/a>\n                                    <\/div><div class=\"item lazy-load-item\">\n                                        <a href=\"https:\/\/7mallorca.com\/es\/casa-vacacional\/mediterraneo-finca-piscina\/\"><img  src=\"https:\/\/7mallorca.com\/wp-content\/uploads\/2018\/10\/best-country-house-privat-majorca-400x314.jpg\" alt=\"Finca Ines\" class=\"img-responsive\" \/><\/a>\n                                    <\/div><div class=\"item lazy-load-item\">\n                                        <a href=\"https:\/\/7mallorca.com\/es\/casa-vacacional\/mediterraneo-finca-piscina\/\"><img  src=\"https:\/\/7mallorca.com\/wp-content\/uploads\/2018\/10\/ferien-finca-landhaus-poolmallorca-400x314.jpg\" alt=\"Finca Ines\" class=\"img-responsive\" \/><\/a>\n                                    <\/div><div class=\"item lazy-load-item\">\n                                        <a href=\"https:\/\/7mallorca.com\/es\/casa-vacacional\/mediterraneo-finca-piscina\/\"><img  src=\"https:\/\/7mallorca.com\/wp-content\/uploads\/2018\/10\/holiday-home-majorca-pool-garden-400x314.jpg\" alt=\"Finca Ines\" class=\"img-responsive\" \/><\/a>\n                                    <\/div><div class=\"item lazy-load-item\">\n                                        <a href=\"https:\/\/7mallorca.com\/es\/casa-vacacional\/mediterraneo-finca-piscina\/\"><img  src=\"https:\/\/7mallorca.com\/wp-content\/uploads\/2018\/10\/ferien-finca-haus-pool-garten-mallorca-400x314.jpg\" alt=\"Finca Ines\" class=\"img-responsive\" \/><\/a>\n                                    <\/div><div class=\"item lazy-load-item\">\n                                        <a href=\"https:\/\/7mallorca.com\/es\/casa-vacacional\/mediterraneo-finca-piscina\/\"><img  src=\"https:\/\/7mallorca.com\/wp-content\/uploads\/2018\/10\/ferienfinca-pool-mallorca-sonmacia-400x314.jpg\" alt=\"Finca Ines\" class=\"img-responsive\" \/><\/a>\n                                    <\/div><div class=\"item lazy-load-item\">\n                                        <a href=\"https:\/\/7mallorca.com\/es\/casa-vacacional\/mediterraneo-finca-piscina\/\"><img  src=\"https:\/\/7mallorca.com\/wp-content\/uploads\/2018\/10\/ferienhaus-finca-pool-garten-400x314.jpg\" alt=\"Finca Ines\" class=\"img-responsive\" \/><\/a>\n                                    <\/div><div class=\"item lazy-load-item\">\n                                        <a href=\"https:\/\/7mallorca.com\/es\/casa-vacacional\/mediterraneo-finca-piscina\/\"><img  src=\"https:\/\/7mallorca.com\/wp-content\/uploads\/2018\/10\/ferienhaus-pool-familie-mallorca-400x314.jpg\" alt=\"Finca Ines\" class=\"img-responsive\" \/><\/a>\n                                    <\/div><div class=\"item lazy-load-item\">\n                                        <a href=\"https:\/\/7mallorca.com\/es\/casa-vacacional\/mediterraneo-finca-piscina\/\"><img  src=\"https:\/\/7mallorca.com\/wp-content\/uploads\/2018\/10\/ferienhaus-pool-garten-terrasse-mallorca-400x314.jpg\" alt=\"Finca Ines\" class=\"img-responsive\" \/><\/a>\n                                    <\/div><div class=\"item lazy-load-item\">\n                                        <a href=\"https:\/\/7mallorca.com\/es\/casa-vacacional\/mediterraneo-finca-piscina\/\"><img  src=\"https:\/\/7mallorca.com\/wp-content\/uploads\/2018\/10\/mallorca-landhaus-finca-pool-mieten-400x314.jpg\" alt=\"Finca Ines\" class=\"img-responsive\" \/><\/a>\n                                    <\/div><div class=\"item lazy-load-item\">\n                                        <a href=\"https:\/\/7mallorca.com\/es\/casa-vacacional\/mediterraneo-finca-piscina\/\"><img  src=\"https:\/\/7mallorca.com\/wp-content\/uploads\/2018\/10\/mallorca-schoene-finca-pool-ferienhaus-400x314.jpg\" alt=\"Finca Ines\" class=\"img-responsive\" \/><\/a>\n                                    <\/div><div class=\"item lazy-load-item\">\n                                        <a href=\"https:\/\/7mallorca.com\/es\/casa-vacacional\/mediterraneo-finca-piscina\/\"><img  src=\"https:\/\/7mallorca.com\/wp-content\/uploads\/2018\/10\/reise-mallorca-familie-kinder-haus-pool-400x314.jpg\" alt=\"Finca Ines\" class=\"img-responsive\" \/><\/a>\n                                    <\/div><div class=\"item lazy-load-item\">\n                                        <a href=\"https:\/\/7mallorca.com\/es\/casa-vacacional\/mediterraneo-finca-piscina\/\"><img  src=\"https:\/\/7mallorca.com\/wp-content\/uploads\/2018\/10\/piscina-casa-finca-baleares-vacaciones-400x314.jpg\" alt=\"Finca Ines\" class=\"img-responsive\" \/><\/a>\n                                    <\/div><div class=\"item lazy-load-item\">\n                                        <a href=\"https:\/\/7mallorca.com\/es\/casa-vacacional\/mediterraneo-finca-piscina\/\"><img  src=\"https:\/\/7mallorca.com\/wp-content\/uploads\/2018\/10\/piscina-finca-casa-mallorca-400x314.jpg\" alt=\"Finca Ines\" class=\"img-responsive\" \/><\/a>\n                                    <\/div><div class=\"item lazy-load-item\">\n                                        <a href=\"https:\/\/7mallorca.com\/es\/casa-vacacional\/mediterraneo-finca-piscina\/\"><img  src=\"https:\/\/7mallorca.com\/wp-content\/uploads\/2018\/10\/nice-holiday-home-mallorca-poll-bbq-400x314.jpg\" alt=\"Finca Ines\" class=\"img-responsive\" \/><\/a>\n                                    <\/div><div class=\"item lazy-load-item\">\n                                        <a href=\"https:\/\/7mallorca.com\/es\/casa-vacacional\/mediterraneo-finca-piscina\/\"><img  src=\"https:\/\/7mallorca.com\/wp-content\/uploads\/2018\/10\/nice-villa-pool-majorca-400x314.jpg\" alt=\"Finca Ines\" class=\"img-responsive\" \/><\/a>\n                                    <\/div><div class=\"item lazy-load-item\">\n                                        <a href=\"https:\/\/7mallorca.com\/es\/casa-vacacional\/mediterraneo-finca-piscina\/\"><img  src=\"https:\/\/7mallorca.com\/wp-content\/uploads\/2018\/10\/zur-privaten-vermietung-ferienhaus-pool-mallorca-400x314.jpg\" alt=\"Finca Ines\" class=\"img-responsive\" \/><\/a>\n                                    <\/div><div class=\"item lazy-load-item\">\n                                        <a href=\"https:\/\/7mallorca.com\/es\/casa-vacacional\/mediterraneo-finca-piscina\/\"><img  src=\"https:\/\/7mallorca.com\/wp-content\/uploads\/2018\/10\/piscina-casa-campo-vacaciones-baleares-400x314.jpg\" alt=\"Finca Ines\" class=\"img-responsive\" \/><\/a>\n                                    <\/div><div class=\"item lazy-load-item\">\n                                        <a href=\"https:\/\/7mallorca.com\/es\/casa-vacacional\/mediterraneo-finca-piscina\/\"><img  src=\"https:\/\/7mallorca.com\/wp-content\/uploads\/2018\/10\/reisen-kinder-haus-pool-mallorca-400x314.jpg\" alt=\"Finca Ines\" class=\"img-responsive\" \/><\/a>\n                                    <\/div><div class=\"item lazy-load-item\">\n                                        <a href=\"https:\/\/7mallorca.com\/es\/casa-vacacional\/mediterraneo-finca-piscina\/\"><img  src=\"https:\/\/7mallorca.com\/wp-content\/uploads\/2018\/10\/reisen-mallorca-kinder-finca-pool-400x314.jpg\" alt=\"Finca Ines\" class=\"img-responsive\" \/><\/a>\n                                    <\/div><div class=\"item lazy-load-item\">\n                                        <a href=\"https:\/\/7mallorca.com\/es\/casa-vacacional\/mediterraneo-finca-piscina\/\"><img  src=\"https:\/\/7mallorca.com\/wp-content\/uploads\/2018\/10\/on-majorca-holidaz-house-villa-pool-400x314.jpg\" alt=\"Finca Ines\" class=\"img-responsive\" \/><\/a>\n                                    <\/div><div class=\"item lazy-load-item\">\n                                        <a href=\"https:\/\/7mallorca.com\/es\/casa-vacacional\/mediterraneo-finca-piscina\/\"><img  src=\"https:\/\/7mallorca.com\/wp-content\/uploads\/2018\/10\/on-mallorca-villa-holidaz-home-pool-400x314.jpg\" alt=\"Finca Ines\" class=\"img-responsive\" \/><\/a>\n                                    <\/div><div class=\"item lazy-load-item\">\n                                        <a href=\"https:\/\/7mallorca.com\/es\/casa-vacacional\/mediterraneo-finca-piscina\/\"><img  src=\"https:\/\/7mallorca.com\/wp-content\/uploads\/2018\/10\/reise-malle-finca-haus-pool-kinder-400x314.jpg\" alt=\"Finca Ines\" class=\"img-responsive\" \/><\/a>\n                                    <\/div><div class=\"item lazy-load-item\">\n                                        <a href=\"https:\/\/7mallorca.com\/es\/casa-vacacional\/mediterraneo-finca-piscina\/\"><img  src=\"https:\/\/7mallorca.com\/wp-content\/uploads\/2018\/10\/reise-mallorca-ferienhaus-pool-kinder-400x314.jpg\" alt=\"Finca Ines\" class=\"img-responsive\" \/><\/a>\n                                    <\/div><div class=\"item lazy-load-item\">\n                                        <a href=\"https:\/\/7mallorca.com\/es\/casa-vacacional\/mediterraneo-finca-piscina\/\"><img  src=\"https:\/\/7mallorca.com\/wp-content\/uploads\/2018\/10\/schoenes-ferienhaus-mit-pool-mallorca-400x314.jpg\" alt=\"Finca Ines\" class=\"img-responsive\" \/><\/a>\n                                    <\/div><div class=\"item lazy-load-item\">\n                                        <a href=\"https:\/\/7mallorca.com\/es\/casa-vacacional\/mediterraneo-finca-piscina\/\"><img  src=\"https:\/\/7mallorca.com\/wp-content\/uploads\/2018\/10\/time-relax-pool-holiday-home-400x314.jpg\" alt=\"Finca Ines\" class=\"img-responsive\" \/><\/a>\n                                    <\/div><div class=\"item lazy-load-item\">\n                                        <a href=\"https:\/\/7mallorca.com\/es\/casa-vacacional\/mediterraneo-finca-piscina\/\"><img  src=\"https:\/\/7mallorca.com\/wp-content\/uploads\/2018\/10\/time-to-relax-mallorca-house-villa-400x314.jpg\" alt=\"Finca Ines\" class=\"img-responsive\" \/><\/a>\n                                    <\/div><div class=\"item lazy-load-item\">\n                                        <a href=\"https:\/\/7mallorca.com\/es\/casa-vacacional\/mediterraneo-finca-piscina\/\"><img  src=\"https:\/\/7mallorca.com\/wp-content\/uploads\/2018\/10\/holiday-villa-pool-bbq-majorca-400x314.jpg\" alt=\"Finca Ines\" class=\"img-responsive\" \/><\/a>\n                                    <\/div><div class=\"item lazy-load-item\">\n                                        <a href=\"https:\/\/7mallorca.com\/es\/casa-vacacional\/mediterraneo-finca-piscina\/\"><img  src=\"https:\/\/7mallorca.com\/wp-content\/uploads\/2018\/10\/landhaus-pool-kinder-mallorca-400x314.jpg\" alt=\"Finca Ines\" class=\"img-responsive\" \/><\/a>\n                                    <\/div>\n                    <\/div><a href=\"https:\/\/7mallorca.com\/es\/casa-vacacional\/mediterraneo-finca-piscina\/\"> <\/a><a class=\"left  carousel-control\" href=\"#property_unit_carousel_69ee3b51a2f9a\" data-slide=\"prev\">\n                        <i class=\"icon-left-open-big\"><\/i>\n                    <\/a>\n\n                    <a class=\"right  carousel-control\" href=\"#property_unit_carousel_69ee3b51a2f9a\" data-slide=\"next\">\n                        <i class=\"icon-right-open-big\"><\/i>\n                    <\/a><\/div><div class=\"price_unit_wrapper\"> <\/div><div class=\"price_unit\">Desde 190\u20ac hasta 260 \u20ac<span class=\"pernight\"> \/noche<\/span><\/div><\/div>            \n            <div class=\"property_unit_action\">\n                <span class=\"icon-fav icon-fav-off\" data-original-title=\"agregar a los favoritos\" data-postid=\"67465\"><i class=\"fas fa-heart\"><\/i><\/span>\n            <\/div>\n     \n        \n        \n            <div class=\"property_status_wrapper\"><\/div>\t\t\t\n                        \n            \n                      \n            <div class=\"title-container\">\n               \n                <div class=rating_placeholder><\/div>                \n                <div class=\"category_name\">\n\t\t\t\t\n                    <div class=\"category_tagline actions_icon\">\n                        \/ <a href=\"https:\/\/7mallorca.com\/es\/lugar\/son-macia-es\/\" rel=\"tag\">Son Maci\u00e0<\/a>                    <\/div>\n\t\t\t\t\t\n                    <a itemprop=\"url\" href=\"https:\/\/7mallorca.com\/es\/casa-vacacional\/mediterraneo-finca-piscina\/\" class=\"listing_title_unit\">\n                        <span itemprop=\"name\">\n                        Finca Ines                        <\/span>    \n                    <\/a>\n                    \n                    <div class=\"category_tagline\">\n                       <div class=\"custom_listing_data\"><i class=\"fas fa-euro-sign\"><\/i>Desde 190\u20ac hasta 260 \u20ac<\/div><div class=\"custom_listing_data\"><i class=\"fas fa-users\"><\/i>6<\/div>\t\t\t\t\t<p><p>T\u00edpica casa de campo mallorquina con piscina, jard\u00edn, hermosas vistas y un interior precioso<\/p>\n<\/p>\n                    <\/div>\n                <\/div>\n                \n            \n            <\/div>\n            <\/div>          \n<\/div>\n  \n\n <div itemscope itemtype=\"http:\/\/schema.org\/Product\" class=\"listing_wrapper col-md-3 shortcode-col property_unit_v3  property_flex  air-conditioner-es bbq-parrilla-de-carbon cafetera-cafe-de-filtro cafetera-maquina-de-capsulas heating-es water-heater-es cuna-de-bebe pool-shower-es oven-es washing-machine-es washer-es microwave-es fridge-freezer-es pool-es iron-es radio-es dvd-player-es deckchairs-es sillita-alta-para-ninos toallas-de-piscina tostadora tv-por-satelite wi-fi-es \" data-org=\"4\" data-listid=\"67475\" > \n    \n    <div class=\"property_listing\" data-link=\"https:\/\/7mallorca.com\/es\/casa-vacacional\/nueva-finca-en-can-picafort\/\">\n                \n          \n            <div class=\"listing-unit-img-wrapper\">\n                <div id=\"property_unit_carousel_69ee3b51aa715\" class=\"carousel property_unit_carousel slide  \" data-ride=\"carousel\" data-interval=\"false\">\n                    <div class=\"carousel-inner\">         \n                        <div class=\"item active\">    \n                            <a href=\"https:\/\/7mallorca.com\/es\/casa-vacacional\/nueva-finca-en-can-picafort\/\"><img itemprop=\"image\" src=\"https:\/\/7mallorca.com\/wp-content\/uploads\/2018\/10\/a-new-holiday-house-to-rent-960x638-400x314.jpg\"   class=\"b-lazy img-responsive wp-post-image lazy-hidden\" alt=\"imagen\" \/><\/a>     \n                        <\/div>\n                        <div class=\"item lazy-load-item\">\n                                        <a href=\"https:\/\/7mallorca.com\/es\/casa-vacacional\/nueva-finca-en-can-picafort\/\"><img  src=\"https:\/\/7mallorca.com\/wp-content\/uploads\/2018\/10\/auf-mallorca-gutes-ferienhaus-900x598-400x314.jpg\" alt=\"Finca Rafel\" class=\"img-responsive\" \/><\/a>\n                                    <\/div><div class=\"item lazy-load-item\">\n                                        <a href=\"https:\/\/7mallorca.com\/es\/casa-vacacional\/nueva-finca-en-can-picafort\/\"><img  src=\"https:\/\/7mallorca.com\/wp-content\/uploads\/2018\/10\/finca-rafel-muro-7mallorca1-900x598-400x314.jpg\" alt=\"Finca Rafel\" class=\"img-responsive\" \/><\/a>\n                                    <\/div><div class=\"item lazy-load-item\">\n                                        <a href=\"https:\/\/7mallorca.com\/es\/casa-vacacional\/nueva-finca-en-can-picafort\/\"><img  src=\"https:\/\/7mallorca.com\/wp-content\/uploads\/2018\/10\/finca-urlaubshaus-familie-mallorca-960x638-400x314.jpg\" alt=\"Finca Rafel\" class=\"img-responsive\" \/><\/a>\n                                    <\/div><div class=\"item lazy-load-item\">\n                                        <a href=\"https:\/\/7mallorca.com\/es\/casa-vacacional\/nueva-finca-en-can-picafort\/\"><img  src=\"https:\/\/7mallorca.com\/wp-content\/uploads\/2018\/10\/haus-auf-mallorca-mit-pool-kinder-960x638-400x314.jpg\" alt=\"Finca Rafel\" class=\"img-responsive\" \/><\/a>\n                                    <\/div><div class=\"item lazy-load-item\">\n                                        <a href=\"https:\/\/7mallorca.com\/es\/casa-vacacional\/nueva-finca-en-can-picafort\/\"><img  src=\"https:\/\/7mallorca.com\/wp-content\/uploads\/2018\/10\/an-der-kueste-mallorca-haus-mit-pool-960x638-400x314.jpg\" alt=\"Finca Rafel\" class=\"img-responsive\" \/><\/a>\n                                    <\/div><div class=\"item lazy-load-item\">\n                                        <a href=\"https:\/\/7mallorca.com\/es\/casa-vacacional\/nueva-finca-en-can-picafort\/\"><img  src=\"https:\/\/7mallorca.com\/wp-content\/uploads\/2018\/10\/a-holiday-house-with-pool-can-picafort-960x638-400x314.jpg\" alt=\"Finca Rafel\" class=\"img-responsive\" \/><\/a>\n                                    <\/div><div class=\"item lazy-load-item\">\n                                        <a href=\"https:\/\/7mallorca.com\/es\/casa-vacacional\/nueva-finca-en-can-picafort\/\"><img  src=\"https:\/\/7mallorca.com\/wp-content\/uploads\/2018\/10\/can-picafort-finca-neubau-pool-bbq-960x638-400x314.jpg\" alt=\"Finca Rafel\" class=\"img-responsive\" \/><\/a>\n                                    <\/div><div class=\"item lazy-load-item\">\n                                        <a href=\"https:\/\/7mallorca.com\/es\/casa-vacacional\/nueva-finca-en-can-picafort\/\"><img  src=\"https:\/\/7mallorca.com\/wp-content\/uploads\/2018\/10\/bei-son-serra-de-marina-haus-pool-960x638-400x314.jpg\" alt=\"Finca Rafel\" class=\"img-responsive\" \/><\/a>\n                                    <\/div><div class=\"item lazy-load-item\">\n                                        <a href=\"https:\/\/7mallorca.com\/es\/casa-vacacional\/nueva-finca-en-can-picafort\/\"><img  src=\"https:\/\/7mallorca.com\/wp-content\/uploads\/2018\/10\/can-picafort-finca-pool-grill-kinder-960x638-400x314.jpg\" alt=\"Finca Rafel\" class=\"img-responsive\" \/><\/a>\n                                    <\/div><div class=\"item lazy-load-item\">\n                                        <a href=\"https:\/\/7mallorca.com\/es\/casa-vacacional\/nueva-finca-en-can-picafort\/\"><img  src=\"https:\/\/7mallorca.com\/wp-content\/uploads\/2018\/10\/can-picafort-pool-house-bbq-familiy-960x638-400x314.jpg\" alt=\"Finca Rafel\" class=\"img-responsive\" \/><\/a>\n                                    <\/div><div class=\"item lazy-load-item\">\n                                        <a href=\"https:\/\/7mallorca.com\/es\/casa-vacacional\/nueva-finca-en-can-picafort\/\"><img  src=\"https:\/\/7mallorca.com\/wp-content\/uploads\/2018\/10\/ferienhaus-mallorca-mit-pool-kinder-960x638-1-400x314.jpg\" alt=\"Finca Rafel\" class=\"img-responsive\" \/><\/a>\n                                    <\/div><div class=\"item lazy-load-item\">\n                                        <a href=\"https:\/\/7mallorca.com\/es\/casa-vacacional\/nueva-finca-en-can-picafort\/\"><img  src=\"https:\/\/7mallorca.com\/wp-content\/uploads\/2018\/10\/ferienhaus-pool-grill-kinder-malle-960x638-1-400x314.jpg\" alt=\"Finca Rafel\" class=\"img-responsive\" \/><\/a>\n                                    <\/div><div class=\"item lazy-load-item\">\n                                        <a href=\"https:\/\/7mallorca.com\/es\/casa-vacacional\/nueva-finca-en-can-picafort\/\"><img  src=\"https:\/\/7mallorca.com\/wp-content\/uploads\/2018\/10\/at-the-coast-majorca-house-pool-960x638-400x314.jpg\" alt=\"Finca Rafel\" class=\"img-responsive\" \/><\/a>\n                                    <\/div><div class=\"item lazy-load-item\">\n                                        <a href=\"https:\/\/7mallorca.com\/es\/casa-vacacional\/nueva-finca-en-can-picafort\/\"><img  src=\"https:\/\/7mallorca.com\/wp-content\/uploads\/2018\/10\/bei-can-picafort-finka-pool-finca-960x638-400x314.jpg\" alt=\"Finca Rafel\" class=\"img-responsive\" \/><\/a>\n                                    <\/div><div class=\"item lazy-load-item\">\n                                        <a href=\"https:\/\/7mallorca.com\/es\/casa-vacacional\/nueva-finca-en-can-picafort\/\"><img  src=\"https:\/\/7mallorca.com\/wp-content\/uploads\/2018\/10\/finca-malle-wer-wo-kennt-gut-familie-960x638-400x314.jpg\" alt=\"Finca Rafel\" class=\"img-responsive\" \/><\/a>\n                                    <\/div><div class=\"item lazy-load-item\">\n                                        <a href=\"https:\/\/7mallorca.com\/es\/casa-vacacional\/nueva-finca-en-can-picafort\/\"><img  src=\"https:\/\/7mallorca.com\/wp-content\/uploads\/2018\/10\/finca-urlaubshaus-familie-malle-960x638-400x314.jpg\" alt=\"Finca Rafel\" class=\"img-responsive\" \/><\/a>\n                                    <\/div><div class=\"item lazy-load-item\">\n                                        <a href=\"https:\/\/7mallorca.com\/es\/casa-vacacional\/nueva-finca-en-can-picafort\/\"><img  src=\"https:\/\/7mallorca.com\/wp-content\/uploads\/2018\/10\/finca-mit-pool-aussenkueche-schatten-960x638-400x314.jpg\" alt=\"Finca Rafel\" class=\"img-responsive\" \/><\/a>\n                                    <\/div><div class=\"item lazy-load-item\">\n                                        <a href=\"https:\/\/7mallorca.com\/es\/casa-vacacional\/nueva-finca-en-can-picafort\/\"><img  src=\"https:\/\/7mallorca.com\/wp-content\/uploads\/2018\/10\/finca-urlaub-haus-familie-mallorca-960x638-400x314.jpg\" alt=\"Finca Rafel\" class=\"img-responsive\" \/><\/a>\n                                    <\/div><div class=\"item lazy-load-item\">\n                                        <a href=\"https:\/\/7mallorca.com\/es\/casa-vacacional\/nueva-finca-en-can-picafort\/\"><img  src=\"https:\/\/7mallorca.com\/wp-content\/uploads\/2018\/10\/ferienfinca-neu-pool-schatten-wiese-960x638-400x314.jpg\" alt=\"Finca Rafel\" class=\"img-responsive\" \/><\/a>\n                                    <\/div><div class=\"item lazy-load-item\">\n                                        <a href=\"https:\/\/7mallorca.com\/es\/casa-vacacional\/nueva-finca-en-can-picafort\/\"><img  src=\"https:\/\/7mallorca.com\/wp-content\/uploads\/2018\/10\/espana-casa-vacacional-piscina-playa-960x638-400x314.jpg\" alt=\"Finca Rafel\" class=\"img-responsive\" \/><\/a>\n                                    <\/div><div class=\"item lazy-load-item\">\n                                        <a href=\"https:\/\/7mallorca.com\/es\/casa-vacacional\/nueva-finca-en-can-picafort\/\"><img  src=\"https:\/\/7mallorca.com\/wp-content\/uploads\/2018\/10\/espana-mallorca-casa-vacaciones-piscina-playa-960x638-400x314.jpg\" alt=\"Finca Rafel\" class=\"img-responsive\" \/><\/a>\n                                    <\/div><div class=\"item lazy-load-item\">\n                                        <a href=\"https:\/\/7mallorca.com\/es\/casa-vacacional\/nueva-finca-en-can-picafort\/\"><img  src=\"https:\/\/7mallorca.com\/wp-content\/uploads\/2018\/10\/rafel-son-serra-de-marina-finca-pool-900x600-400x314.jpg\" alt=\"Finca Rafel\" class=\"img-responsive\" \/><\/a>\n                                    <\/div><div class=\"item lazy-load-item\">\n                                        <a href=\"https:\/\/7mallorca.com\/es\/casa-vacacional\/nueva-finca-en-can-picafort\/\"><img  src=\"https:\/\/7mallorca.com\/wp-content\/uploads\/2018\/10\/rafel-playa-de-muro-finca-pool-900x598-400x314.jpg\" alt=\"Finca Rafel\" class=\"img-responsive\" \/><\/a>\n                                    <\/div><div class=\"item lazy-load-item\">\n                                        <a href=\"https:\/\/7mallorca.com\/es\/casa-vacacional\/nueva-finca-en-can-picafort\/\"><img  src=\"https:\/\/7mallorca.com\/wp-content\/uploads\/2018\/10\/rural-house-pool-bbq-majorca-960x638-400x314.jpg\" alt=\"Finca Rafel\" class=\"img-responsive\" \/><\/a>\n                                    <\/div><div class=\"item lazy-load-item\">\n                                        <a href=\"https:\/\/7mallorca.com\/es\/casa-vacacional\/nueva-finca-en-can-picafort\/\"><img  src=\"https:\/\/7mallorca.com\/wp-content\/uploads\/2018\/10\/lovely-holiday-home-majorca-960x638-400x314.jpg\" alt=\"Finca Rafel\" class=\"img-responsive\" \/><\/a>\n                                    <\/div><div class=\"item lazy-load-item\">\n                                        <a href=\"https:\/\/7mallorca.com\/es\/casa-vacacional\/nueva-finca-en-can-picafort\/\"><img  src=\"https:\/\/7mallorca.com\/wp-content\/uploads\/2018\/10\/malorca-finca-ferien-familie-960x638-400x314.jpg\" alt=\"Finca Rafel\" class=\"img-responsive\" \/><\/a>\n                                    <\/div><div class=\"item lazy-load-item\">\n                                        <a href=\"https:\/\/7mallorca.com\/es\/casa-vacacional\/nueva-finca-en-can-picafort\/\"><img  src=\"https:\/\/7mallorca.com\/wp-content\/uploads\/2018\/10\/haus-mallorca-familie-kinder-urlaub-960x638-400x314.jpg\" alt=\"Finca Rafel\" class=\"img-responsive\" \/><\/a>\n                                    <\/div><div class=\"item lazy-load-item\">\n                                        <a href=\"https:\/\/7mallorca.com\/es\/casa-vacacional\/nueva-finca-en-can-picafort\/\"><img  src=\"https:\/\/7mallorca.com\/wp-content\/uploads\/2018\/10\/haus-auf-malorca-mit-pool-960x638-400x314.jpg\" alt=\"Finca Rafel\" class=\"img-responsive\" \/><\/a>\n                                    <\/div><div class=\"item lazy-load-item\">\n                                        <a href=\"https:\/\/7mallorca.com\/es\/casa-vacacional\/nueva-finca-en-can-picafort\/\"><img  src=\"https:\/\/7mallorca.com\/wp-content\/uploads\/2018\/10\/mallorca-finca-neu-familie-960x638-400x314.jpg\" alt=\"Finca Rafel\" class=\"img-responsive\" \/><\/a>\n                                    <\/div><div class=\"item lazy-load-item\">\n                                        <a href=\"https:\/\/7mallorca.com\/es\/casa-vacacional\/nueva-finca-en-can-picafort\/\"><img  src=\"https:\/\/7mallorca.com\/wp-content\/uploads\/2018\/10\/malorca-finca-urlaub-familie-960x638-1-400x314.jpg\" alt=\"Finca Rafel\" class=\"img-responsive\" \/><\/a>\n                                    <\/div><div class=\"item lazy-load-item\">\n                                        <a href=\"https:\/\/7mallorca.com\/es\/casa-vacacional\/nueva-finca-en-can-picafort\/\"><img  src=\"https:\/\/7mallorca.com\/wp-content\/uploads\/2018\/10\/mallorca-finka-pool-kinder-960x638-400x314.jpg\" alt=\"Finca Rafel\" class=\"img-responsive\" \/><\/a>\n                                    <\/div><div class=\"item lazy-load-item\">\n                                        <a href=\"https:\/\/7mallorca.com\/es\/casa-vacacional\/nueva-finca-en-can-picafort\/\"><img  src=\"https:\/\/7mallorca.com\/wp-content\/uploads\/2018\/10\/schoenes-haus-mit-pool-terrasse-960x638-400x314.jpg\" alt=\"Finca Rafel\" class=\"img-responsive\" \/><\/a>\n                                    <\/div><div class=\"item lazy-load-item\">\n                                        <a href=\"https:\/\/7mallorca.com\/es\/casa-vacacional\/nueva-finca-en-can-picafort\/\"><img  src=\"https:\/\/7mallorca.com\/wp-content\/uploads\/2018\/10\/can-picafort-finca-mit-poolbbq-960x638-400x314.jpg\" alt=\"Finca Rafel\" class=\"img-responsive\" \/><\/a>\n                                    <\/div><div class=\"item lazy-load-item\">\n                                        <a href=\"https:\/\/7mallorca.com\/es\/casa-vacacional\/nueva-finca-en-can-picafort\/\"><img  src=\"https:\/\/7mallorca.com\/wp-content\/uploads\/2018\/10\/schoenes-ferienhaus-pool-mallorca-960x638-400x314.jpg\" alt=\"Finca Rafel\" class=\"img-responsive\" \/><\/a>\n                                    <\/div><div class=\"item lazy-load-item\">\n                                        <a href=\"https:\/\/7mallorca.com\/es\/casa-vacacional\/nueva-finca-en-can-picafort\/\"><img  src=\"https:\/\/7mallorca.com\/wp-content\/uploads\/2018\/10\/pool-grill-schatten-haus-kinder-960x638-400x314.jpg\" alt=\"Finca Rafel\" class=\"img-responsive\" \/><\/a>\n                                    <\/div><div class=\"item lazy-load-item\">\n                                        <a href=\"https:\/\/7mallorca.com\/es\/casa-vacacional\/nueva-finca-en-can-picafort\/\"><img  src=\"https:\/\/7mallorca.com\/wp-content\/uploads\/2018\/10\/lovely-holiday-house-majorca-960x638-400x314.jpg\" alt=\"Finca Rafel\" class=\"img-responsive\" \/><\/a>\n                                    <\/div><div class=\"item lazy-load-item\">\n                                        <a href=\"https:\/\/7mallorca.com\/es\/casa-vacacional\/nueva-finca-en-can-picafort\/\"><img  src=\"https:\/\/7mallorca.com\/wp-content\/uploads\/2018\/10\/pool-grill-3-schlafzimmer-kinder-960x638-400x314.jpg\" alt=\"Finca Rafel\" class=\"img-responsive\" \/><\/a>\n                                    <\/div><div class=\"item lazy-load-item\">\n                                        <a href=\"https:\/\/7mallorca.com\/es\/casa-vacacional\/nueva-finca-en-can-picafort\/\"><img  src=\"https:\/\/7mallorca.com\/wp-content\/uploads\/2018\/10\/majorca-holiday-house-rural-pool-bbq-960x638-400x314.jpg\" alt=\"Finca Rafel\" class=\"img-responsive\" \/><\/a>\n                                    <\/div><div class=\"item lazy-load-item\">\n                                        <a href=\"https:\/\/7mallorca.com\/es\/casa-vacacional\/nueva-finca-en-can-picafort\/\"><img  src=\"https:\/\/7mallorca.com\/wp-content\/uploads\/2018\/10\/urlaub-mallorca-familie-ruhe-pool-960x638-400x314.jpg\" alt=\"Finca Rafel\" class=\"img-responsive\" \/><\/a>\n                                    <\/div><div class=\"item lazy-load-item\">\n                                        <a href=\"https:\/\/7mallorca.com\/es\/casa-vacacional\/nueva-finca-en-can-picafort\/\"><img  src=\"https:\/\/7mallorca.com\/wp-content\/uploads\/2018\/10\/urlaubshaus-mallorca-pool-grill-960x638-400x314.jpg\" alt=\"Finca Rafel\" class=\"img-responsive\" \/><\/a>\n                                    <\/div><div class=\"item lazy-load-item\">\n                                        <a href=\"https:\/\/7mallorca.com\/es\/casa-vacacional\/nueva-finca-en-can-picafort\/\"><img  src=\"https:\/\/7mallorca.com\/wp-content\/uploads\/2018\/10\/urlaubshaus-mit-pool-mallorca-960x638-1-400x314.jpg\" alt=\"Finca Rafel\" class=\"img-responsive\" \/><\/a>\n                                    <\/div><div class=\"item lazy-load-item\">\n                                        <a href=\"https:\/\/7mallorca.com\/es\/casa-vacacional\/nueva-finca-en-can-picafort\/\"><img  src=\"https:\/\/7mallorca.com\/wp-content\/uploads\/2018\/10\/urlaubshaus-pool-grill-mallorca-960x638-400x314.jpg\" alt=\"Finca Rafel\" class=\"img-responsive\" \/><\/a>\n                                    <\/div>\n                    <\/div><a href=\"https:\/\/7mallorca.com\/es\/casa-vacacional\/nueva-finca-en-can-picafort\/\"> <\/a><a class=\"left  carousel-control\" href=\"#property_unit_carousel_69ee3b51aa715\" data-slide=\"prev\">\n                        <i class=\"icon-left-open-big\"><\/i>\n                    <\/a>\n\n                    <a class=\"right  carousel-control\" href=\"#property_unit_carousel_69ee3b51aa715\" data-slide=\"next\">\n                        <i class=\"icon-right-open-big\"><\/i>\n                    <\/a><\/div><div class=\"price_unit_wrapper\"> <\/div><div class=\"price_unit\">Desde 245\u20ac hasta 395\u20ac<span class=\"pernight\"> \/noche<\/span><\/div><\/div>            \n            <div class=\"property_unit_action\">\n                <span class=\"icon-fav icon-fav-off\" data-original-title=\"agregar a los favoritos\" data-postid=\"67475\"><i class=\"fas fa-heart\"><\/i><\/span>\n            <\/div>\n     \n        \n        \n            <div class=\"property_status_wrapper\"><\/div>\t\t\t\n                        \n            \n                      \n            <div class=\"title-container\">\n               \n                <div class=rating_placeholder><\/div>                \n                <div class=\"category_name\">\n\t\t\t\t\n                    <div class=\"category_tagline actions_icon\">\n                        <a href=\"https:\/\/7mallorca.com\/es\/casas-vacacionales\/apartamentos\/\" rel=\"tag\">Apartamentos<\/a>, <a href=\"https:\/\/7mallorca.com\/es\/casas-vacacionales\/vacaciones-de-verano-2023-es\/\" rel=\"tag\">Vacaciones de verano 2023<\/a> \/ <a href=\"https:\/\/7mallorca.com\/es\/lugar\/can-picafort-es\/\" rel=\"tag\">Can Picafort<\/a>                    <\/div>\n\t\t\t\t\t\n                    <a itemprop=\"url\" href=\"https:\/\/7mallorca.com\/es\/casa-vacacional\/nueva-finca-en-can-picafort\/\" class=\"listing_title_unit\">\n                        <span itemprop=\"name\">\n                        Finca Rafel                        <\/span>    \n                    <\/a>\n                    \n                    <div class=\"category_tagline\">\n                       <div class=\"custom_listing_data\"><i class=\"fas fa-euro-sign\"><\/i>Desde 245\u20ac hasta 395\u20ac<\/div><div class=\"custom_listing_data\"><i class=\"fas fa-users\"><\/i>8<\/div>\t\t\t\t\t<p><p>Finca con piscina y cocina exterior.<\/p>\n<\/p>\n                    <\/div>\n                <\/div>\n                \n            \n            <\/div>\n            <\/div>          \n<\/div>\n<\/div><\/div>[\/vc_column][\/vc_row][vc_row][vc_column][vc_separator][\/vc_column][\/vc_row]<\/p>\n","protected":false},"excerpt":{"rendered":"<p>[vc_row][vc_column width=\u00bb1\/3&#8243; offset=\u00bbvc_hidden-sm vc_hidden-xs\u00bb][vc_single_image image=\u00bb44100&#8243; img_size=\u00bbfull\u00bb][vc_single_image image=\u00bb44088&#8243; img_size=\u00bbfull\u00bb][vc_single_image image=\u00bb44082&#8243; img_size=\u00bbfull\u00bb][vc_single_image image=\u00bb44094&#8243; img_size=\u00bbfull\u00bb][vc_single_image image=\u00bb44091&#8243; img_size=\u00bbfull\u00bb][vc_single_image image=\u00bb44085&#8243; img_size=\u00bbfull\u00bb][vc_single_image image=\u00bb44107&#8243; img_size=\u00bbfull\u00bb][vc_single_image image=\u00bb44110&#8243; img_size=\u00bbfull\u00bb][vc_single_image &#8230;<\/p>\n","protected":false},"author":2,"featured_media":0,"parent":0,"menu_order":0,"comment_status":"closed","ping_status":"closed","template":"","meta":[],"acf":[],"yoast_head":"<!-- This site is optimized with the Yoast SEO plugin v17.8 - https:\/\/yoast.com\/wordpress\/plugins\/seo\/ -->\n<title>Ideas contra el aburrimiento - 7mallorca.com<\/title>\n<meta name=\"robots\" content=\"index, follow, max-snippet:-1, max-image-preview:large, max-video-preview:-1\" \/>\n<link rel=\"canonical\" href=\"https:\/\/7mallorca.com\/es\/ideas-contra-el-aburrimiento\/\" \/>\n<meta property=\"og:locale\" content=\"es_ES\" \/>\n<meta property=\"og:type\" content=\"article\" \/>\n<meta property=\"og:title\" content=\"Ideas contra el aburrimiento - 7mallorca.com\" \/>\n<meta property=\"og:description\" content=\"[vc_row][vc_column width=\u00bb1\/3&#8243; offset=\u00bbvc_hidden-sm vc_hidden-xs\u00bb][vc_single_image image=\u00bb44100&#8243; img_size=\u00bbfull\u00bb][vc_single_image image=\u00bb44088&#8243; img_size=\u00bbfull\u00bb][vc_single_image image=\u00bb44082&#8243; img_size=\u00bbfull\u00bb][vc_single_image image=\u00bb44094&#8243; img_size=\u00bbfull\u00bb][vc_single_image image=\u00bb44091&#8243; img_size=\u00bbfull\u00bb][vc_single_image image=\u00bb44085&#8243; img_size=\u00bbfull\u00bb][vc_single_image image=\u00bb44107&#8243; img_size=\u00bbfull\u00bb][vc_single_image image=\u00bb44110&#8243; img_size=\u00bbfull\u00bb][vc_single_image ...\" \/>\n<meta property=\"og:url\" content=\"https:\/\/7mallorca.com\/es\/ideas-contra-el-aburrimiento\/\" \/>\n<meta property=\"og:site_name\" content=\"7mallorca.com\" \/>\n<meta property=\"article:publisher\" content=\"https:\/\/www.facebook.com\/profile.php?id=61561583006364\" \/>\n<meta property=\"article:modified_time\" content=\"2022-05-31T16:59:10+00:00\" \/>\n<meta property=\"og:image\" content=\"https:\/\/7mallorca.com\/wp-content\/uploads\/2018\/10\/ein-ferienhaus-finca-pool-meerblick-malorca-900x598.jpg\" \/>\n\t<meta property=\"og:image:width\" content=\"900\" \/>\n\t<meta property=\"og:image:height\" content=\"598\" \/>\n<meta name=\"twitter:card\" content=\"summary_large_image\" \/>\n<meta name=\"twitter:label1\" content=\"Tiempo de lectura\" \/>\n\t<meta name=\"twitter:data1\" content=\"11 minutos\" \/>\n<script type=\"application\/ld+json\" class=\"yoast-schema-graph\">{\"@context\":\"https:\/\/schema.org\",\"@graph\":[{\"@type\":\"Organization\",\"@id\":\"https:\/\/7mallorca.com\/es\/#organization\",\"name\":\"7mallorca\",\"url\":\"https:\/\/7mallorca.com\/es\/\",\"sameAs\":[\"https:\/\/www.facebook.com\/profile.php?id=61561583006364\",\"https:\/\/www.instagram.com\/7mallorca_holiday_rentals\/\"],\"logo\":{\"@type\":\"ImageObject\",\"@id\":\"https:\/\/7mallorca.com\/es\/#logo\",\"inLanguage\":\"es\",\"url\":\"https:\/\/7mallorca.com\/wp-content\/uploads\/2020\/06\/7mallorca.ferienhaus.png\",\"contentUrl\":\"https:\/\/7mallorca.com\/wp-content\/uploads\/2020\/06\/7mallorca.ferienhaus.png\",\"width\":600,\"height\":95,\"caption\":\"7mallorca\"},\"image\":{\"@id\":\"https:\/\/7mallorca.com\/es\/#logo\"}},{\"@type\":\"WebSite\",\"@id\":\"https:\/\/7mallorca.com\/es\/#website\",\"url\":\"https:\/\/7mallorca.com\/es\/\",\"name\":\"7mallorca.com\",\"description\":\" 7mallorca.com, Ferienhaus auf Mallorca Mieten Sie hier eine Finca oder ein Ferienhaus f\\u00fcr Ihren Urlaub auf Mallorca\",\"publisher\":{\"@id\":\"https:\/\/7mallorca.com\/es\/#organization\"},\"potentialAction\":[{\"@type\":\"SearchAction\",\"target\":{\"@type\":\"EntryPoint\",\"urlTemplate\":\"https:\/\/7mallorca.com\/es\/?s={search_term_string}\"},\"query-input\":\"required name=search_term_string\"}],\"inLanguage\":\"es\"},{\"@type\":\"WebPage\",\"@id\":\"https:\/\/7mallorca.com\/es\/ideas-contra-el-aburrimiento\/#webpage\",\"url\":\"https:\/\/7mallorca.com\/es\/ideas-contra-el-aburrimiento\/\",\"name\":\"Ideas contra el aburrimiento - 7mallorca.com\",\"isPartOf\":{\"@id\":\"https:\/\/7mallorca.com\/es\/#website\"},\"datePublished\":\"2019-07-13T00:07:04+00:00\",\"dateModified\":\"2022-05-31T16:59:10+00:00\",\"breadcrumb\":{\"@id\":\"https:\/\/7mallorca.com\/es\/ideas-contra-el-aburrimiento\/#breadcrumb\"},\"inLanguage\":\"es\",\"potentialAction\":[{\"@type\":\"ReadAction\",\"target\":[\"https:\/\/7mallorca.com\/es\/ideas-contra-el-aburrimiento\/\"]}]},{\"@type\":\"BreadcrumbList\",\"@id\":\"https:\/\/7mallorca.com\/es\/ideas-contra-el-aburrimiento\/#breadcrumb\",\"itemListElement\":[{\"@type\":\"ListItem\",\"position\":1,\"name\":\"Home\",\"item\":\"https:\/\/7mallorca.com\/es\/\"},{\"@type\":\"ListItem\",\"position\":2,\"name\":\"Ideas contra el aburrimiento\"}]}]}<\/script>\n<!-- \/ Yoast SEO plugin. -->","yoast_head_json":{"title":"Ideas contra el aburrimiento - 7mallorca.com","robots":{"index":"index","follow":"follow","max-snippet":"max-snippet:-1","max-image-preview":"max-image-preview:large","max-video-preview":"max-video-preview:-1"},"canonical":"https:\/\/7mallorca.com\/es\/ideas-contra-el-aburrimiento\/","og_locale":"es_ES","og_type":"article","og_title":"Ideas contra el aburrimiento - 7mallorca.com","og_description":"[vc_row][vc_column width=\u00bb1\/3&#8243; offset=\u00bbvc_hidden-sm vc_hidden-xs\u00bb][vc_single_image image=\u00bb44100&#8243; img_size=\u00bbfull\u00bb][vc_single_image image=\u00bb44088&#8243; img_size=\u00bbfull\u00bb][vc_single_image image=\u00bb44082&#8243; img_size=\u00bbfull\u00bb][vc_single_image image=\u00bb44094&#8243; img_size=\u00bbfull\u00bb][vc_single_image image=\u00bb44091&#8243; img_size=\u00bbfull\u00bb][vc_single_image image=\u00bb44085&#8243; img_size=\u00bbfull\u00bb][vc_single_image image=\u00bb44107&#8243; img_size=\u00bbfull\u00bb][vc_single_image image=\u00bb44110&#8243; img_size=\u00bbfull\u00bb][vc_single_image ...","og_url":"https:\/\/7mallorca.com\/es\/ideas-contra-el-aburrimiento\/","og_site_name":"7mallorca.com","article_publisher":"https:\/\/www.facebook.com\/profile.php?id=61561583006364","article_modified_time":"2022-05-31T16:59:10+00:00","og_image":[{"width":900,"height":598,"url":"https:\/\/7mallorca.com\/wp-content\/uploads\/2018\/10\/ein-ferienhaus-finca-pool-meerblick-malorca-900x598.jpg","type":"image\/jpeg"}],"twitter_card":"summary_large_image","twitter_misc":{"Tiempo de lectura":"11 minutos"},"schema":{"@context":"https:\/\/schema.org","@graph":[{"@type":"Organization","@id":"https:\/\/7mallorca.com\/es\/#organization","name":"7mallorca","url":"https:\/\/7mallorca.com\/es\/","sameAs":["https:\/\/www.facebook.com\/profile.php?id=61561583006364","https:\/\/www.instagram.com\/7mallorca_holiday_rentals\/"],"logo":{"@type":"ImageObject","@id":"https:\/\/7mallorca.com\/es\/#logo","inLanguage":"es","url":"https:\/\/7mallorca.com\/wp-content\/uploads\/2020\/06\/7mallorca.ferienhaus.png","contentUrl":"https:\/\/7mallorca.com\/wp-content\/uploads\/2020\/06\/7mallorca.ferienhaus.png","width":600,"height":95,"caption":"7mallorca"},"image":{"@id":"https:\/\/7mallorca.com\/es\/#logo"}},{"@type":"WebSite","@id":"https:\/\/7mallorca.com\/es\/#website","url":"https:\/\/7mallorca.com\/es\/","name":"7mallorca.com","description":" 7mallorca.com, Ferienhaus auf Mallorca Mieten Sie hier eine Finca oder ein Ferienhaus f\u00fcr Ihren Urlaub auf Mallorca","publisher":{"@id":"https:\/\/7mallorca.com\/es\/#organization"},"potentialAction":[{"@type":"SearchAction","target":{"@type":"EntryPoint","urlTemplate":"https:\/\/7mallorca.com\/es\/?s={search_term_string}"},"query-input":"required name=search_term_string"}],"inLanguage":"es"},{"@type":"WebPage","@id":"https:\/\/7mallorca.com\/es\/ideas-contra-el-aburrimiento\/#webpage","url":"https:\/\/7mallorca.com\/es\/ideas-contra-el-aburrimiento\/","name":"Ideas contra el aburrimiento - 7mallorca.com","isPartOf":{"@id":"https:\/\/7mallorca.com\/es\/#website"},"datePublished":"2019-07-13T00:07:04+00:00","dateModified":"2022-05-31T16:59:10+00:00","breadcrumb":{"@id":"https:\/\/7mallorca.com\/es\/ideas-contra-el-aburrimiento\/#breadcrumb"},"inLanguage":"es","potentialAction":[{"@type":"ReadAction","target":["https:\/\/7mallorca.com\/es\/ideas-contra-el-aburrimiento\/"]}]},{"@type":"BreadcrumbList","@id":"https:\/\/7mallorca.com\/es\/ideas-contra-el-aburrimiento\/#breadcrumb","itemListElement":[{"@type":"ListItem","position":1,"name":"Home","item":"https:\/\/7mallorca.com\/es\/"},{"@type":"ListItem","position":2,"name":"Ideas contra el aburrimiento"}]}]}},"_links":{"self":[{"href":"https:\/\/7mallorca.com\/es\/wp-json\/wp\/v2\/pages\/58932"}],"collection":[{"href":"https:\/\/7mallorca.com\/es\/wp-json\/wp\/v2\/pages"}],"about":[{"href":"https:\/\/7mallorca.com\/es\/wp-json\/wp\/v2\/types\/page"}],"author":[{"embeddable":true,"href":"https:\/\/7mallorca.com\/es\/wp-json\/wp\/v2\/users\/2"}],"replies":[{"embeddable":true,"href":"https:\/\/7mallorca.com\/es\/wp-json\/wp\/v2\/comments?post=58932"}],"version-history":[{"count":0,"href":"https:\/\/7mallorca.com\/es\/wp-json\/wp\/v2\/pages\/58932\/revisions"}],"wp:attachment":[{"href":"https:\/\/7mallorca.com\/es\/wp-json\/wp\/v2\/media?parent=58932"}],"curies":[{"name":"wp","href":"https:\/\/api.w.org\/{rel}","templated":true}]}}